{"id":779,"date":"2026-03-08T01:47:18","date_gmt":"2026-03-08T04:47:18","guid":{"rendered":"https:\/\/editoraperensin.com.br\/eventos\/?post_type=product&#038;p=779"},"modified":"2026-04-22T22:26:47","modified_gmt":"2026-04-23T01:26:47","slug":"essencia-digital","status":"publish","type":"product","link":"https:\/\/editoraperensin.com.br\/eventos\/produto\/essencia-digital\/","title":{"rendered":"Imers\u00e3o Ess\u00eancia Digital"},"content":{"rendered":"<div id=\"descricao-widget\" class=\"elementor-element elementor-element-930556d elementor-widget elementor-widget-woocommerce-product-data-tabs\" data-id=\"930556d\" data-element_type=\"widget\" data-widget_type=\"woocommerce-product-data-tabs.default\">\n<div class=\"woocommerce-tabs wc-tabs-wrapper\">\n<div id=\"tab-description\" class=\"woocommerce-Tabs-panel woocommerce-Tabs-panel--description panel entry-content wc-tab\" role=\"tabpanel\" aria-labelledby=\"tab-title-description\">\n<h5 data-start=\"1635\" data-end=\"1660\">Ap\u00f3s 4 edi\u00e7\u00f5es de sucesso anos atr\u00e1s, Rafaela Perensin e Hellen Couto retomam sua imers\u00e3o com uma nova pespectiva: ess\u00eancia ao inv\u00e9s de apenas estrat\u00e9gia.<\/h5>\n<\/div>\n<p>Foram quatro edi\u00e7\u00f5es de turmas com sold out, fazendo um marketing de forma totalmente disruptiva para o que existia na regi\u00e3o. Agora, com muito mais experi\u00eancia para al\u00e9m do marketing, as duas mentoras trazem t\u00e9cnicas que v\u00e3o al\u00e9m do digital: te ajudar\u00e3o a se projetar com ess\u00eancia, narrativa e verdade. Ser\u00e3o dois dias de muito conte\u00fado, pr\u00e1tica e, claro, networking!<\/p>\n<\/div>\n<h4>Para quem \u00e9 esta imers\u00e3o:<\/h4>\n<\/div>\n<ul>\n<li>Profissionais que querem aprender a se posicionar com narrativa<\/li>\n<li>Empreendedores, aut\u00f4nomos e profissionais da sa\u00fade que precisam ter presen\u00e7a no digital<\/li>\n<li>Pessoas que querem vender mais atrav\u00e9s de um conte\u00fado aut\u00eantico e que se conecta<\/li>\n<\/ul>\n<p>&nbsp;<\/p>\n<h4>O que voc\u00ea vai aprender:<\/h4>\n<ul>\n<li>Desenvolver sua autonfian\u00e7a diante de uma c\u00e2mera, plateia ou, at\u00e9 mesmo, seu cliente<\/li>\n<li>Identificar cren\u00e7as que t\u00eam sabotado seu sucesso<\/li>\n<li>Criar conte\u00fado com narrativa e verdade<\/li>\n<li>Encontrar o posicionamento que combina com voc\u00ea<\/li>\n<li>T\u00e9cnicas do mundo digital para acelerar seus resultados<\/li>\n<li>Tend\u00eancias de posicionamento profissional baseado em clientes da Europa, EUA e do mundo<\/li>\n<\/ul>\n<p>&nbsp;<\/p>\n<h4>O que inclu\u00ed o ingresso:<\/h4>\n<ul>\n<li>Caf\u00e9 da manh\u00e3 no s\u00e1bado e domingo, com del\u00edcias artesanais da Cafeteria Perensin<\/li>\n<li>5 fotos profissionais para voc\u00ea utilizar em seu posicionamento de imagem<\/li>\n<li>16 horas de muito conte\u00fado e pr\u00e1tica com certifica\u00e7\u00e3o<\/li>\n<li>1h de Happy Hour com cerveja artesanal e del\u00edcias, para um networking mais leve e eficaz<\/li>\n<li>Combo de dois livros: Estrat\u00e9gia Digital + Uma palavra por ano<\/li>\n<li>Experi\u00eancia de ArteTerapia, guiada pelo artista\u00a0 europeu Diamond<\/li>\n<\/ul>\n<p>&nbsp;<\/p>\n<p>&nbsp;<\/p>\n<h4>Quem ser\u00e3o as facilitadoras?<\/h4>\n<p>&nbsp;<\/p>\n<blockquote><p><strong>Rafaela Perensin:<\/strong><\/p><\/blockquote>\n<p class=\"cvGsUA direction-ltr align-start para-style-body\"><span class=\"a_GcMg font-feature-liga-off font-feature-clig-off font-feature-calt-off text-decoration-none text-strikethrough-none\">\u00c9 assessora de especialistas que desejam publicar seus livros com estrat\u00e9gia, auxiliando-os desde a ideia at\u00e9 a noite de aut\u00f3grafos.<\/span><\/p>\n<p class=\"cvGsUA direction-ltr align-start para-style-body\"><span class=\"a_GcMg font-feature-liga-off font-feature-clig-off font-feature-calt-off text-decoration-none text-strikethrough-none\">Palestrante internacional, autora de 11 obras, ghostwriter de mais de 60 livros e propriet\u00e1ria da Editora Perensin. J\u00e1 participou do processo de publica\u00e7\u00e3o de mais de 700 autores nos \u00faltimos 7 anos no Brasil, sendo que mais de 150 deles comp\u00f5em o seu cat\u00e1logo editorial.<\/span><\/p>\n<p class=\"cvGsUA direction-ltr align-start para-style-body\"><span class=\"a_GcMg font-feature-liga-off font-feature-clig-off font-feature-calt-off text-decoration-none text-strikethrough-none\">Por meio do selo Owl International, publicou autores em Portugal,\u00a0<\/span><span class=\"a_GcMg font-feature-liga-off font-feature-clig-off font-feature-calt-off text-decoration-none text-strikethrough-none\">It\u00e1lia, EUA, Su\u00ed\u00e7a e outros pa\u00edses e possu\u00ed tr\u00eas programas internacionais em curso: MIAMI, PARIS e PORTO.<\/span><\/p>\n<p class=\"cvGsUA direction-ltr align-start para-style-body\"><span class=\"a_GcMg font-feature-liga-off font-feature-clig-off font-feature-calt-off text-decoration-none text-strikethrough-none\">Graduada em Administra\u00e7\u00e3o e com p\u00f3s-gradua\u00e7\u00e3o em Comunica\u00e7\u00e3o, al\u00e9m de gerenciar a editora.<\/span><\/p>\n<p class=\"cvGsUA direction-ltr align-start para-style-body\"><span class=\"a_GcMg font-feature-liga-off font-feature-clig-off font-feature-calt-off text-decoration-none text-strikethrough-none\">Al\u00e9m disso, \u00e9 empreendedora, e sua paix\u00e3o por livros a fez abrir, h\u00e1 mais de dois anos, a Cafeteria Perensin: um espa\u00e7o para alimentar o corpo e a alma.<\/span><\/p>\n<p>&nbsp;<\/p>\n<blockquote><p><strong>Hellen Couto:<\/strong><\/p><\/blockquote>\n<p>&nbsp;<\/p>\n<p class=\"cvGsUA direction-ltr align-justify para-style-body\"><span class=\"a_GcMg font-feature-liga-off font-feature-clig-off font-feature-calt-off text-decoration-none text-strikethrough-none\">Hellen Couto \u00e9 autora de 11 obras publicadas e organizadora de 13 livros em coautoria, reunindo grandes nomes nacionais e internacionais nas \u00e1reas de desenvolvimento humano, sa\u00fade integrativa e autoconhecimento.<\/span><\/p>\n<p class=\"cvGsUA direction-ltr align-justify para-style-body\"><span class=\"a_GcMg font-feature-liga-off font-feature-clig-off font-feature-calt-off text-decoration-none text-strikethrough-none\">Terapeuta integrativa, psicanalista e mentora, construiu uma trajet\u00f3ria s\u00f3lida dedicada \u00e0 transforma\u00e7\u00e3o pessoal e profissional, auxiliando pessoas a identificarem e ressignificarem cren\u00e7as limitantes, padr\u00f5es emocionais e bloqueios inconscientes, promovendo clareza, equil\u00edbrio e expans\u00e3o de consci\u00eancia.<\/span><\/p>\n<p class=\"cvGsUA direction-ltr align-justify para-style-body\"><span class=\"a_GcMg font-feature-liga-off font-feature-clig-off font-feature-calt-off text-decoration-none text-strikethrough-none\">Com ampla experi\u00eancia em marketing e posicionamento estrat\u00e9gico, Hellen tamb\u00e9m atua como mentora de empreendedores, ajudando profissionais a estruturarem seus neg\u00f3cios com prop\u00f3sito, autoridade e resultados reais.<\/span><\/p>\n<p class=\"cvGsUA direction-ltr align-justify para-style-body\"><span class=\"a_GcMg font-feature-liga-off font-feature-clig-off font-feature-calt-off text-decoration-none text-strikethrough-none\">Idealizadora de eventos transformadores, como o ELEVE-SE \u2014 inclusive em formato corporativo \u2014, integra conhecimento t\u00e9cnico, experi\u00eancias terap\u00eauticas e desenvolvimento humano, criando ambientes de crescimento profundo e alinhado.<\/span><\/p>\n<p class=\"cvGsUA direction-ltr align-justify para-style-body\"><span class=\"a_GcMg font-feature-liga-off font-feature-clig-off font-feature-calt-off text-decoration-none text-strikethrough-none\">Sua miss\u00e3o \u00e9 inspirar, despertar e impactar vidas, conectando mente, corpo e alma por meio de livros, terapias, mentorias e experi\u00eancias que promovem evolu\u00e7\u00e3o integral.<\/span><\/p>\n<p>&nbsp;<\/p>\n<p>LOTES:<\/p>\n<ul>\n<li>LOTE 1\u00a0 por R$ 670 (ou R$ 650 \u00e0 vista)<\/li>\n<li>LOTE 2 por R$ 770<\/li>\n<li>LOTE 3 por R$ 870<\/li>\n<\/ul>\n<p><strong>Para pagamento no pix com desconto, por R$ 650 ou pagar no cart\u00e3o em 12x 67,<a href=\"https:\/\/wa.me\/message\/UDWXOJK4GUMAD1\"> clique aqui.<\/a><\/strong><\/p>\n<p>&nbsp;<\/p>\n<div id=\"descricao-widget\" class=\"elementor-element elementor-element-930556d elementor-widget elementor-widget-woocommerce-product-data-tabs\" data-id=\"930556d\" data-element_type=\"widget\" data-widget_type=\"woocommerce-product-data-tabs.default\">\n<div class=\"woocommerce-tabs wc-tabs-wrapper\">\n<div id=\"tab-description\" class=\"woocommerce-Tabs-panel woocommerce-Tabs-panel--description panel entry-content wc-tab\" role=\"tabpanel\" aria-labelledby=\"tab-title-description\">\n<p data-start=\"1662\" data-end=\"1845\"><strong>Data: S\u00e1bado e domingo(16 e 17 de maio), das 10h \u00e0s 18h<\/strong><br data-start=\"1698\" data-end=\"1701\" \/>Local: Cafeteria &amp; Editora Perensin \u2013 Juiz de Fora<\/p>\n<p data-start=\"1662\" data-end=\"1845\"><strong data-start=\"1826\" data-end=\"1845\">Vagas limitadas<\/strong><\/p>\n<p data-start=\"1662\" data-end=\"1845\">\n<\/div>\n<\/div>\n<div id=\"tab-description\" class=\"woocommerce-Tabs-panel woocommerce-Tabs-panel--description panel entry-content wc-tab\" role=\"tabpanel\" aria-labelledby=\"tab-title-description\">\n<p><strong>Veja como foram as edi\u00e7\u00f5es anteriores:<\/strong><\/p>\n<\/div>\n<p>&nbsp;<\/p>\n<div class=\"woocommerce-tabs wc-tabs-wrapper\">\n<div id=\"tab-description\" class=\"woocommerce-Tabs-panel woocommerce-Tabs-panel--description panel entry-content wc-tab\" role=\"tabpanel\" aria-labelledby=\"tab-title-description\">\n<div id='gallery-1' class='gallery galleryid-779 gallery-columns-3 gallery-size-full'><figure class='gallery-item'>\n\t\t\t<div class='gallery-icon landscape'>\n\t\t\t\t<a href='https:\/\/editoraperensin.com.br\/eventos\/?attachment_id=814'><img fetchpriority=\"high\" decoding=\"async\" width=\"2560\" height=\"1707\" src=\"https:\/\/editoraperensin.com.br\/eventos\/wp-content\/uploads\/2026\/03\/Estrategia-Digital-Manha-5-scaled.jpg\" class=\"attachment-full size-full\" alt=\"\" srcset=\"https:\/\/editoraperensin.com.br\/eventos\/wp-content\/uploads\/2026\/03\/Estrategia-Digital-Manha-5-scaled.jpg 2560w, https:\/\/editoraperensin.com.br\/eventos\/wp-content\/uploads\/2026\/03\/Estrategia-Digital-Manha-5-300x200.jpg 300w, https:\/\/editoraperensin.com.br\/eventos\/wp-content\/uploads\/2026\/03\/Estrategia-Digital-Manha-5-1024x683.jpg 1024w, https:\/\/editoraperensin.com.br\/eventos\/wp-content\/uploads\/2026\/03\/Estrategia-Digital-Manha-5-768x512.jpg 768w, https:\/\/editoraperensin.com.br\/eventos\/wp-content\/uploads\/2026\/03\/Estrategia-Digital-Manha-5-1536x1024.jpg 1536w, https:\/\/editoraperensin.com.br\/eventos\/wp-content\/uploads\/2026\/03\/Estrategia-Digital-Manha-5-2048x1365.jpg 2048w, https:\/\/editoraperensin.com.br\/eventos\/wp-content\/uploads\/2026\/03\/Estrategia-Digital-Manha-5-510x340.jpg 510w\" sizes=\"(max-width: 2560px) 100vw, 2560px\" \/><\/a>\n\t\t\t<\/div><\/figure><figure class='gallery-item'>\n\t\t\t<div class='gallery-icon landscape'>\n\t\t\t\t<a href='https:\/\/editoraperensin.com.br\/eventos\/?attachment_id=787'><img decoding=\"async\" width=\"2048\" height=\"1365\" src=\"https:\/\/editoraperensin.com.br\/eventos\/wp-content\/uploads\/2026\/03\/DSC_0817.jpg\" class=\"attachment-full size-full\" alt=\"\" srcset=\"https:\/\/editoraperensin.com.br\/eventos\/wp-content\/uploads\/2026\/03\/DSC_0817.jpg 2048w, https:\/\/editoraperensin.com.br\/eventos\/wp-content\/uploads\/2026\/03\/DSC_0817-300x200.jpg 300w, https:\/\/editoraperensin.com.br\/eventos\/wp-content\/uploads\/2026\/03\/DSC_0817-1024x683.jpg 1024w, https:\/\/editoraperensin.com.br\/eventos\/wp-content\/uploads\/2026\/03\/DSC_0817-768x512.jpg 768w, https:\/\/editoraperensin.com.br\/eventos\/wp-content\/uploads\/2026\/03\/DSC_0817-1536x1024.jpg 1536w, https:\/\/editoraperensin.com.br\/eventos\/wp-content\/uploads\/2026\/03\/DSC_0817-510x340.jpg 510w\" sizes=\"(max-width: 2048px) 100vw, 2048px\" \/><\/a>\n\t\t\t<\/div><\/figure><figure class='gallery-item'>\n\t\t\t<div class='gallery-icon landscape'>\n\t\t\t\t<a href='https:\/\/editoraperensin.com.br\/eventos\/?attachment_id=789'><img decoding=\"async\" width=\"2048\" height=\"1365\" src=\"https:\/\/editoraperensin.com.br\/eventos\/wp-content\/uploads\/2026\/03\/DSC_0827.jpg\" class=\"attachment-full size-full\" alt=\"\" srcset=\"https:\/\/editoraperensin.com.br\/eventos\/wp-content\/uploads\/2026\/03\/DSC_0827.jpg 2048w, https:\/\/editoraperensin.com.br\/eventos\/wp-content\/uploads\/2026\/03\/DSC_0827-300x200.jpg 300w, https:\/\/editoraperensin.com.br\/eventos\/wp-content\/uploads\/2026\/03\/DSC_0827-1024x683.jpg 1024w, https:\/\/editoraperensin.com.br\/eventos\/wp-content\/uploads\/2026\/03\/DSC_0827-768x512.jpg 768w, https:\/\/editoraperensin.com.br\/eventos\/wp-content\/uploads\/2026\/03\/DSC_0827-1536x1024.jpg 1536w, https:\/\/editoraperensin.com.br\/eventos\/wp-content\/uploads\/2026\/03\/DSC_0827-510x340.jpg 510w\" sizes=\"(max-width: 2048px) 100vw, 2048px\" \/><\/a>\n\t\t\t<\/div><\/figure><figure class='gallery-item'>\n\t\t\t<div class='gallery-icon landscape'>\n\t\t\t\t<a href='https:\/\/editoraperensin.com.br\/eventos\/?attachment_id=790'><img loading=\"lazy\" decoding=\"async\" width=\"2048\" height=\"1365\" src=\"https:\/\/editoraperensin.com.br\/eventos\/wp-content\/uploads\/2026\/03\/DSC_0853.jpg\" class=\"attachment-full size-full\" alt=\"\" srcset=\"https:\/\/editoraperensin.com.br\/eventos\/wp-content\/uploads\/2026\/03\/DSC_0853.jpg 2048w, https:\/\/editoraperensin.com.br\/eventos\/wp-content\/uploads\/2026\/03\/DSC_0853-300x200.jpg 300w, https:\/\/editoraperensin.com.br\/eventos\/wp-content\/uploads\/2026\/03\/DSC_0853-1024x683.jpg 1024w, https:\/\/editoraperensin.com.br\/eventos\/wp-content\/uploads\/2026\/03\/DSC_0853-768x512.jpg 768w, https:\/\/editoraperensin.com.br\/eventos\/wp-content\/uploads\/2026\/03\/DSC_0853-1536x1024.jpg 1536w, https:\/\/editoraperensin.com.br\/eventos\/wp-content\/uploads\/2026\/03\/DSC_0853-510x340.jpg 510w\" sizes=\"(max-width: 2048px) 100vw, 2048px\" \/><\/a>\n\t\t\t<\/div><\/figure><figure class='gallery-item'>\n\t\t\t<div class='gallery-icon landscape'>\n\t\t\t\t<a href='https:\/\/editoraperensin.com.br\/eventos\/?attachment_id=791'><img loading=\"lazy\" decoding=\"async\" width=\"2048\" height=\"1365\" src=\"https:\/\/editoraperensin.com.br\/eventos\/wp-content\/uploads\/2026\/03\/MOI_2567-2.jpg\" class=\"attachment-full size-full\" alt=\"\" srcset=\"https:\/\/editoraperensin.com.br\/eventos\/wp-content\/uploads\/2026\/03\/MOI_2567-2.jpg 2048w, https:\/\/editoraperensin.com.br\/eventos\/wp-content\/uploads\/2026\/03\/MOI_2567-2-300x200.jpg 300w, https:\/\/editoraperensin.com.br\/eventos\/wp-content\/uploads\/2026\/03\/MOI_2567-2-1024x683.jpg 1024w, https:\/\/editoraperensin.com.br\/eventos\/wp-content\/uploads\/2026\/03\/MOI_2567-2-768x512.jpg 768w, https:\/\/editoraperensin.com.br\/eventos\/wp-content\/uploads\/2026\/03\/MOI_2567-2-1536x1024.jpg 1536w, https:\/\/editoraperensin.com.br\/eventos\/wp-content\/uploads\/2026\/03\/MOI_2567-2-510x340.jpg 510w\" sizes=\"(max-width: 2048px) 100vw, 2048px\" \/><\/a>\n\t\t\t<\/div><\/figure><figure class='gallery-item'>\n\t\t\t<div class='gallery-icon landscape'>\n\t\t\t\t<a href='https:\/\/editoraperensin.com.br\/eventos\/?attachment_id=815'><img loading=\"lazy\" decoding=\"async\" width=\"2560\" height=\"1707\" src=\"https:\/\/editoraperensin.com.br\/eventos\/wp-content\/uploads\/2026\/03\/Estrategia-Digital-Manha-39-scaled.jpg\" class=\"attachment-full size-full\" alt=\"\" srcset=\"https:\/\/editoraperensin.com.br\/eventos\/wp-content\/uploads\/2026\/03\/Estrategia-Digital-Manha-39-scaled.jpg 2560w, https:\/\/editoraperensin.com.br\/eventos\/wp-content\/uploads\/2026\/03\/Estrategia-Digital-Manha-39-300x200.jpg 300w, https:\/\/editoraperensin.com.br\/eventos\/wp-content\/uploads\/2026\/03\/Estrategia-Digital-Manha-39-1024x683.jpg 1024w, https:\/\/editoraperensin.com.br\/eventos\/wp-content\/uploads\/2026\/03\/Estrategia-Digital-Manha-39-768x512.jpg 768w, https:\/\/editoraperensin.com.br\/eventos\/wp-content\/uploads\/2026\/03\/Estrategia-Digital-Manha-39-1536x1024.jpg 1536w, https:\/\/editoraperensin.com.br\/eventos\/wp-content\/uploads\/2026\/03\/Estrategia-Digital-Manha-39-2048x1365.jpg 2048w, https:\/\/editoraperensin.com.br\/eventos\/wp-content\/uploads\/2026\/03\/Estrategia-Digital-Manha-39-510x340.jpg 510w\" sizes=\"(max-width: 2560px) 100vw, 2560px\" \/><\/a>\n\t\t\t<\/div><\/figure>\n\t\t<\/div>\n\n<\/div>\n<p>&nbsp;<\/p>\n<div id=\"tab-description\" class=\"woocommerce-Tabs-panel woocommerce-Tabs-panel--description panel entry-content wc-tab\" role=\"tabpanel\" aria-labelledby=\"tab-title-description\">\n<p>LOCAL:\u00a0<strong data-start=\"300\" data-end=\"322\">Cafeteria &amp; Editora Perensin |\u00a0<\/strong>\u00a0R. Dom Silv\u00e9rio, 150 \u2013 Passos, Juiz de Fora \u2013 MG, 36026-450, Brazil<\/p>\n<p><iframe src=\"https:\/\/www.google.com\/maps\/embed?pb=!1m18!1m12!1m3!1d3705.041232674068!2d-43.35148672358069!3d-21.778665147103613!2m3!1f0!2f0!3f0!3m2!1i1024!2i768!4f13.1!3m3!1m2!1s0x989d641e0d1ad9%3A0xcb7b5a40674e873!2sCafeteria%20e%20Editora%20Perensin!5e0!3m2!1sen!2spt!4v1758320469635!5m2!1sen!2spt\" width=\"600\" height=\"450\" allowfullscreen=\"allowfullscreen\" data-mce-fragment=\"1\"><\/iframe><\/p>\n<p>&nbsp;<\/p>\n<\/div>\n<\/div>\n<\/div>\n","protected":false},"excerpt":{"rendered":"<p>Ap\u00f3s 4 edi\u00e7\u00f5es de sucesso anos atr\u00e1s, Rafaela Perensin e Hellen Couto retomam sua imers\u00e3o com uma nova pespectiva: ess\u00eancia&#8230;<\/p>\n","protected":false},"author":2,"featured_media":785,"template":"","meta":{"tpgb_global_settings":""},"product_brand":[],"product_cat":[18,152],"product_tag":[140,125,89,90,123,61],"class_list":{"0":"post-779","1":"product","2":"type-product","3":"status-publish","4":"has-post-thumbnail","6":"product_cat-eventos","7":"product_cat-eventos-em-juiz-de-fora","8":"product_tag-essencia-digital","9":"product_tag-evento","10":"product_tag-hellen-couto","11":"product_tag-juiz-de-fora","12":"product_tag-livros","13":"product_tag-rafaela-perensin","15":"first","16":"instock","17":"virtual","18":"purchasable","19":"product-type-simple"},"tpgb_featured_images":{"full":["https:\/\/editoraperensin.com.br\/eventos\/wp-content\/uploads\/2026\/03\/CAPAS-DE-EVENTOS-3.png",1200,800,false],"tp-image-grid":["https:\/\/editoraperensin.com.br\/eventos\/wp-content\/uploads\/2026\/03\/CAPAS-DE-EVENTOS-3-700x700.png",700,700,true],"thumbnail":["https:\/\/editoraperensin.com.br\/eventos\/wp-content\/uploads\/2026\/03\/CAPAS-DE-EVENTOS-3-150x150.png",150,150,true],"medium":["https:\/\/editoraperensin.com.br\/eventos\/wp-content\/uploads\/2026\/03\/CAPAS-DE-EVENTOS-3-300x200.png",300,200,true],"medium_large":["https:\/\/editoraperensin.com.br\/eventos\/wp-content\/uploads\/2026\/03\/CAPAS-DE-EVENTOS-3-768x512.png",768,512,true],"large":["https:\/\/editoraperensin.com.br\/eventos\/wp-content\/uploads\/2026\/03\/CAPAS-DE-EVENTOS-3-1024x683.png",1024,683,true],"default":"https:\/\/editoraperensin.com.br\/eventos\/wp-content\/plugins\/the-plus-addons-for-block-editor\/assets\/images\/tpgb-placeholder.jpg"},"tpgb_post_meta_info":{"get_date":"08\/03\/2026","get_modified_date":"22\/04\/2026","category_list":{"product_brand":false,"product_cat":[{"term_id":18,"name":"Eventos","slug":"eventos","term_group":0,"term_taxonomy_id":18,"taxonomy":"product_cat","description":"","parent":0,"count":13,"filter":"raw"},{"term_id":152,"name":"Eventos em Juiz de Fora","slug":"eventos-em-juiz-de-fora","term_group":0,"term_taxonomy_id":152,"taxonomy":"product_cat","description":"","parent":18,"count":8,"filter":"raw"}],"product_tag":[{"term_id":140,"name":"ess\u00eancia digital","slug":"essencia-digital","term_group":0,"term_taxonomy_id":140,"taxonomy":"product_tag","description":"","parent":0,"count":1,"filter":"raw"},{"term_id":125,"name":"evento","slug":"evento","term_group":0,"term_taxonomy_id":125,"taxonomy":"product_tag","description":"","parent":0,"count":3,"filter":"raw"},{"term_id":89,"name":"hellen couto","slug":"hellen-couto","term_group":0,"term_taxonomy_id":89,"taxonomy":"product_tag","description":"","parent":0,"count":4,"filter":"raw"},{"term_id":90,"name":"Juiz de Fora","slug":"juiz-de-fora","term_group":0,"term_taxonomy_id":90,"taxonomy":"product_tag","description":"","parent":0,"count":3,"filter":"raw"},{"term_id":123,"name":"livros","slug":"livros","term_group":0,"term_taxonomy_id":123,"taxonomy":"product_tag","description":"","parent":0,"count":3,"filter":"raw"},{"term_id":61,"name":"rafaela perensin","slug":"rafaela-perensin","term_group":0,"term_taxonomy_id":61,"taxonomy":"product_tag","description":"","parent":0,"count":1,"filter":"raw"}]},"author_name":"rafaela","author_url":"https:\/\/editoraperensin.com.br\/eventos\/author\/rafaela\/","author_email":"perensinproducoes@gmail.com","author_website":"","author_description":"","author_facebook":"","author_twitter":"","author_instagram":"","author_role":["administrator"],"author_firstname":"rafaela","author_lastname":"","user_login":"rafaela","comment_count":0,"post_likes":0,"post_views":0},"tpgb_post_category":{"product_cat":"<a href=\"https:\/\/editoraperensin.com.br\/eventos\/categoria-produto\/eventos\/\" alt=\"Eventos\" class=\"product_cat-eventos\">Eventos<\/a> <a href=\"https:\/\/editoraperensin.com.br\/eventos\/categoria-produto\/eventos\/eventos-em-juiz-de-fora\/\" alt=\"Eventos em Juiz de Fora\" class=\"product_cat-eventos-em-juiz-de-fora\">Eventos em Juiz de Fora<\/a> ","product_tag":"<a href=\"https:\/\/editoraperensin.com.br\/eventos\/produto-tag\/essencia-digital\/\" alt=\"ess\u00eancia digital\" class=\"product_tag-essencia-digital\">ess\u00eancia digital<\/a> <a href=\"https:\/\/editoraperensin.com.br\/eventos\/produto-tag\/evento\/\" alt=\"evento\" class=\"product_tag-evento\">evento<\/a> <a href=\"https:\/\/editoraperensin.com.br\/eventos\/produto-tag\/hellen-couto\/\" alt=\"hellen couto\" class=\"product_tag-hellen-couto\">hellen couto<\/a> <a href=\"https:\/\/editoraperensin.com.br\/eventos\/produto-tag\/juiz-de-fora\/\" alt=\"Juiz de Fora\" class=\"product_tag-juiz-de-fora\">Juiz de Fora<\/a> <a href=\"https:\/\/editoraperensin.com.br\/eventos\/produto-tag\/livros\/\" alt=\"livros\" class=\"product_tag-livros\">livros<\/a> <a href=\"https:\/\/editoraperensin.com.br\/eventos\/produto-tag\/rafaela-perensin\/\" alt=\"rafaela perensin\" class=\"product_tag-rafaela-perensin\">rafaela perensin<\/a> "},"tpgb_product_data":{"price_html":"<span class=\"woocommerce-Price-amount amount\"><bdi><span class=\"woocommerce-Price-currencySymbol\">&#82;&#36;<\/span>&nbsp;670,00<\/bdi><\/span>","type":"simple","gallery":false,"category":"Eventos","procatslug":"eventos"},"_links":{"self":[{"href":"https:\/\/editoraperensin.com.br\/eventos\/wp-json\/wp\/v2\/product\/779","targetHints":{"allow":["GET"]}}],"collection":[{"href":"https:\/\/editoraperensin.com.br\/eventos\/wp-json\/wp\/v2\/product"}],"about":[{"href":"https:\/\/editoraperensin.com.br\/eventos\/wp-json\/wp\/v2\/types\/product"}],"author":[{"embeddable":true,"href":"https:\/\/editoraperensin.com.br\/eventos\/wp-json\/wp\/v2\/users\/2"}],"wp:featuredmedia":[{"embeddable":true,"href":"https:\/\/editoraperensin.com.br\/eventos\/wp-json\/wp\/v2\/media\/785"}],"wp:attachment":[{"href":"https:\/\/editoraperensin.com.br\/eventos\/wp-json\/wp\/v2\/media?parent=779"}],"wp:term":[{"taxonomy":"product_brand","embeddable":true,"href":"https:\/\/editoraperensin.com.br\/eventos\/wp-json\/wp\/v2\/product_brand?post=779"},{"taxonomy":"product_cat","embeddable":true,"href":"https:\/\/editoraperensin.com.br\/eventos\/wp-json\/wp\/v2\/product_cat?post=779"},{"taxonomy":"product_tag","embeddable":true,"href":"https:\/\/editoraperensin.com.br\/eventos\/wp-json\/wp\/v2\/product_tag?post=779"}],"curies":[{"name":"wp","href":"https:\/\/api.w.org\/{rel}","templated":true}]}}