{"id":848,"date":"2026-03-29T22:41:37","date_gmt":"2026-03-30T01:41:37","guid":{"rendered":"https:\/\/editoraperensin.com.br\/eventos\/?post_type=product&#038;p=848"},"modified":"2026-04-24T15:37:46","modified_gmt":"2026-04-24T18:37:46","slug":"lancamento-the-professional-of-the-new-era","status":"publish","type":"product","link":"https:\/\/editoraperensin.com.br\/eventos\/produto\/lancamento-the-professional-of-the-new-era\/","title":{"rendered":"SP Lan\u00e7amento &#8220;The professional of the new era&#8221;"},"content":{"rendered":"<div class=\"elementor-element elementor-element-8219731 elementor-widget elementor-widget-woocommerce-product-title elementor-page-title elementor-widget-heading\" data-id=\"8219731\" data-element_type=\"widget\" data-widget_type=\"woocommerce-product-title.default\">\n<h1 class=\"product_title entry-title elementor-heading-title elementor-size-default\"><span style=\"font-size: 16px;\">Sobre o Evento:<\/span><\/h1>\n<\/div>\n<p>Ap\u00f3s o sucesso do Congresso Internacional &#8220;The Professional Of The New Era&#8221;, ocorrido em mar\u00e7o, em Miami, os autores chegam de v\u00e1rios lugares do Brasil e do mundo para lan\u00e7arem sua obra na Livraria da Vila de S\u00e3o Paulo.<\/p>\n<p>Participe desta noite especial e aproveite para conhecer melhor os autores, garantir seu aut\u00f3grafo e fotos!<\/p>\n<p><strong>Sinopse da obra:<\/strong><\/p>\n<p data-start=\"0\" data-end=\"415\">Voc\u00ea tem em suas m\u00e3os mais do que um livro: uma responsabilidade. A nova era \u00e9 um convite, mas voc\u00ea s\u00f3 saber\u00e1 se ir\u00e1 aceit\u00e1-lo ao ler cada p\u00e1gina com presen\u00e7a. Nesta edi\u00e7\u00e3o, nossos fundadores apresentam hist\u00f3rias reais, integradas e interconectadas, mostrando que j\u00e1 n\u00e3o \u00e9 aceit\u00e1vel repetir padr\u00f5es de uma era que ficou para tr\u00e1s. Que n\u00e3o faz sentido permanecer em lugares que n\u00e3o est\u00e3o prontos para a sua mensagem.<\/p>\n<p data-start=\"417\" data-end=\"607\">Mas, afinal, qual \u00e9 a sua mensagem?<br data-start=\"452\" data-end=\"455\" \/>Talvez este livro n\u00e3o lhe d\u00ea a resposta. No entanto, ele lhe oferecer\u00e1 algo muito mais especial do que isso: o poder de se questionar com consci\u00eancia.<\/p>\n<p data-start=\"609\" data-end=\"630\" data-is-last-node=\"\" data-is-only-node=\"\">Bem-vindo \u00e0 nova era.<\/p>\n<p data-start=\"609\" data-end=\"630\" data-is-last-node=\"\" data-is-only-node=\"\"><strong>AUTORES DA OBRA:<\/strong><\/p>\n<ul>\n<li data-section-id=\"aidano\" data-start=\"0\" data-end=\"18\">Nicole Martins<\/li>\n<li data-section-id=\"1xurz2p\" data-start=\"19\" data-end=\"38\">Stephanie Rimes<\/li>\n<li data-section-id=\"1ai2r0y\" data-start=\"39\" data-end=\"58\">Claudio Werneck<\/li>\n<li data-section-id=\"n6bf5b\" data-start=\"59\" data-end=\"73\">Jana Nunes<\/li>\n<li data-section-id=\"1tpqe0d\" data-start=\"74\" data-end=\"94\">Daniela F. Mello<\/li>\n<li data-section-id=\"1qocpjh\" data-start=\"95\" data-end=\"112\">Rodrigo Tamer<\/li>\n<li data-section-id=\"1mtr5x1\" data-start=\"113\" data-end=\"128\">Talita Lins<\/li>\n<li data-section-id=\"12k4259\" data-start=\"129\" data-end=\"148\">Bella Bablumian<\/li>\n<li data-section-id=\"1cpvy32\" data-start=\"149\" data-end=\"164\">Soraya Saba<\/li>\n<li data-section-id=\"1wrmkjz\" data-start=\"165\" data-end=\"182\">Lidiane Lopes<\/li>\n<li data-section-id=\"1vykd5a\" data-start=\"183\" data-end=\"200\">Flavia Duarte<\/li>\n<li data-section-id=\"1reckkw\" data-start=\"201\" data-end=\"232\">Luana M\u00eadri e Rodrigo M\u00eadri<\/li>\n<li data-section-id=\"18xm1mk\" data-start=\"233\" data-end=\"258\">Nailton Gomes Pereira<\/li>\n<li data-section-id=\"1ckaxu3\" data-start=\"259\" data-end=\"280\">Valdenice Pereira<\/li>\n<li data-section-id=\"1ecr3uv\" data-start=\"281\" data-end=\"302\">C\u00edcera Pontes Fon<\/li>\n<li data-section-id=\"rckiop\" data-start=\"303\" data-end=\"324\" data-is-last-node=\"\">Caroline de Padua<\/li>\n<\/ul>\n<p>&nbsp;<\/p>\n<div id=\"descricao-widget\" class=\"elementor-element elementor-element-930556d elementor-widget elementor-widget-woocommerce-product-data-tabs\" data-id=\"930556d\" data-element_type=\"widget\" data-widget_type=\"woocommerce-product-data-tabs.default\">\n<div class=\"woocommerce-tabs wc-tabs-wrapper\">\n<div id=\"tab-description\" class=\"woocommerce-Tabs-panel woocommerce-Tabs-panel--description panel entry-content wc-tab\" role=\"tabpanel\" aria-labelledby=\"tab-title-description\">\n<p>Veja como foi o evento em Miami:<\/p>\n<div id='gallery-1' class='gallery galleryid-848 gallery-columns-3 gallery-size-full'><figure class='gallery-item'>\n\t\t\t<div class='gallery-icon portrait'>\n\t\t\t\t<a href='https:\/\/editoraperensin.com.br\/eventos\/?attachment_id=855'><img fetchpriority=\"high\" decoding=\"async\" width=\"960\" height=\"1280\" src=\"https:\/\/editoraperensin.com.br\/eventos\/wp-content\/uploads\/2026\/03\/WhatsApp-Image-2026-03-29-at-22.49.25-2.jpeg\" class=\"attachment-full size-full\" alt=\"\" srcset=\"https:\/\/editoraperensin.com.br\/eventos\/wp-content\/uploads\/2026\/03\/WhatsApp-Image-2026-03-29-at-22.49.25-2.jpeg 960w, https:\/\/editoraperensin.com.br\/eventos\/wp-content\/uploads\/2026\/03\/WhatsApp-Image-2026-03-29-at-22.49.25-2-225x300.jpeg 225w, https:\/\/editoraperensin.com.br\/eventos\/wp-content\/uploads\/2026\/03\/WhatsApp-Image-2026-03-29-at-22.49.25-2-768x1024.jpeg 768w, https:\/\/editoraperensin.com.br\/eventos\/wp-content\/uploads\/2026\/03\/WhatsApp-Image-2026-03-29-at-22.49.25-2-510x680.jpeg 510w\" sizes=\"(max-width: 960px) 100vw, 960px\" \/><\/a>\n\t\t\t<\/div><\/figure><figure class='gallery-item'>\n\t\t\t<div class='gallery-icon portrait'>\n\t\t\t\t<a href='https:\/\/editoraperensin.com.br\/eventos\/?attachment_id=854'><img decoding=\"async\" width=\"960\" height=\"1280\" src=\"https:\/\/editoraperensin.com.br\/eventos\/wp-content\/uploads\/2026\/03\/WhatsApp-Image-2026-03-29-at-22.49.25-3.jpeg\" class=\"attachment-full size-full\" alt=\"\" srcset=\"https:\/\/editoraperensin.com.br\/eventos\/wp-content\/uploads\/2026\/03\/WhatsApp-Image-2026-03-29-at-22.49.25-3.jpeg 960w, https:\/\/editoraperensin.com.br\/eventos\/wp-content\/uploads\/2026\/03\/WhatsApp-Image-2026-03-29-at-22.49.25-3-225x300.jpeg 225w, https:\/\/editoraperensin.com.br\/eventos\/wp-content\/uploads\/2026\/03\/WhatsApp-Image-2026-03-29-at-22.49.25-3-768x1024.jpeg 768w, https:\/\/editoraperensin.com.br\/eventos\/wp-content\/uploads\/2026\/03\/WhatsApp-Image-2026-03-29-at-22.49.25-3-510x680.jpeg 510w\" sizes=\"(max-width: 960px) 100vw, 960px\" \/><\/a>\n\t\t\t<\/div><\/figure><figure class='gallery-item'>\n\t\t\t<div class='gallery-icon portrait'>\n\t\t\t\t<a href='https:\/\/editoraperensin.com.br\/eventos\/?attachment_id=853'><img decoding=\"async\" width=\"960\" height=\"1280\" src=\"https:\/\/editoraperensin.com.br\/eventos\/wp-content\/uploads\/2026\/03\/WhatsApp-Image-2026-03-29-at-22.49.25-4.jpeg\" class=\"attachment-full size-full\" alt=\"\" srcset=\"https:\/\/editoraperensin.com.br\/eventos\/wp-content\/uploads\/2026\/03\/WhatsApp-Image-2026-03-29-at-22.49.25-4.jpeg 960w, https:\/\/editoraperensin.com.br\/eventos\/wp-content\/uploads\/2026\/03\/WhatsApp-Image-2026-03-29-at-22.49.25-4-225x300.jpeg 225w, https:\/\/editoraperensin.com.br\/eventos\/wp-content\/uploads\/2026\/03\/WhatsApp-Image-2026-03-29-at-22.49.25-4-768x1024.jpeg 768w, https:\/\/editoraperensin.com.br\/eventos\/wp-content\/uploads\/2026\/03\/WhatsApp-Image-2026-03-29-at-22.49.25-4-510x680.jpeg 510w\" sizes=\"(max-width: 960px) 100vw, 960px\" \/><\/a>\n\t\t\t<\/div><\/figure><figure class='gallery-item'>\n\t\t\t<div class='gallery-icon portrait'>\n\t\t\t\t<a href='https:\/\/editoraperensin.com.br\/eventos\/?attachment_id=852'><img loading=\"lazy\" decoding=\"async\" width=\"960\" height=\"1280\" src=\"https:\/\/editoraperensin.com.br\/eventos\/wp-content\/uploads\/2026\/03\/WhatsApp-Image-2026-03-29-at-22.49.25-6.jpeg\" class=\"attachment-full size-full\" alt=\"\" srcset=\"https:\/\/editoraperensin.com.br\/eventos\/wp-content\/uploads\/2026\/03\/WhatsApp-Image-2026-03-29-at-22.49.25-6.jpeg 960w, https:\/\/editoraperensin.com.br\/eventos\/wp-content\/uploads\/2026\/03\/WhatsApp-Image-2026-03-29-at-22.49.25-6-225x300.jpeg 225w, https:\/\/editoraperensin.com.br\/eventos\/wp-content\/uploads\/2026\/03\/WhatsApp-Image-2026-03-29-at-22.49.25-6-768x1024.jpeg 768w, https:\/\/editoraperensin.com.br\/eventos\/wp-content\/uploads\/2026\/03\/WhatsApp-Image-2026-03-29-at-22.49.25-6-510x680.jpeg 510w\" sizes=\"(max-width: 960px) 100vw, 960px\" \/><\/a>\n\t\t\t<\/div><\/figure><figure class='gallery-item'>\n\t\t\t<div class='gallery-icon portrait'>\n\t\t\t\t<a href='https:\/\/editoraperensin.com.br\/eventos\/?attachment_id=851'><img loading=\"lazy\" decoding=\"async\" width=\"960\" height=\"1280\" src=\"https:\/\/editoraperensin.com.br\/eventos\/wp-content\/uploads\/2026\/03\/WhatsApp-Image-2026-03-29-at-22.49.25-7.jpeg\" class=\"attachment-full size-full\" alt=\"\" srcset=\"https:\/\/editoraperensin.com.br\/eventos\/wp-content\/uploads\/2026\/03\/WhatsApp-Image-2026-03-29-at-22.49.25-7.jpeg 960w, https:\/\/editoraperensin.com.br\/eventos\/wp-content\/uploads\/2026\/03\/WhatsApp-Image-2026-03-29-at-22.49.25-7-225x300.jpeg 225w, https:\/\/editoraperensin.com.br\/eventos\/wp-content\/uploads\/2026\/03\/WhatsApp-Image-2026-03-29-at-22.49.25-7-768x1024.jpeg 768w, https:\/\/editoraperensin.com.br\/eventos\/wp-content\/uploads\/2026\/03\/WhatsApp-Image-2026-03-29-at-22.49.25-7-510x680.jpeg 510w\" sizes=\"(max-width: 960px) 100vw, 960px\" \/><\/a>\n\t\t\t<\/div><\/figure><figure class='gallery-item'>\n\t\t\t<div class='gallery-icon portrait'>\n\t\t\t\t<a href='https:\/\/editoraperensin.com.br\/eventos\/?attachment_id=850'><img loading=\"lazy\" decoding=\"async\" width=\"960\" height=\"1280\" src=\"https:\/\/editoraperensin.com.br\/eventos\/wp-content\/uploads\/2026\/03\/WhatsApp-Image-2026-03-29-at-22.49.25-8.jpeg\" class=\"attachment-full size-full\" alt=\"\" srcset=\"https:\/\/editoraperensin.com.br\/eventos\/wp-content\/uploads\/2026\/03\/WhatsApp-Image-2026-03-29-at-22.49.25-8.jpeg 960w, https:\/\/editoraperensin.com.br\/eventos\/wp-content\/uploads\/2026\/03\/WhatsApp-Image-2026-03-29-at-22.49.25-8-225x300.jpeg 225w, https:\/\/editoraperensin.com.br\/eventos\/wp-content\/uploads\/2026\/03\/WhatsApp-Image-2026-03-29-at-22.49.25-8-768x1024.jpeg 768w, https:\/\/editoraperensin.com.br\/eventos\/wp-content\/uploads\/2026\/03\/WhatsApp-Image-2026-03-29-at-22.49.25-8-510x680.jpeg 510w\" sizes=\"(max-width: 960px) 100vw, 960px\" \/><\/a>\n\t\t\t<\/div><\/figure>\n\t\t<\/div>\n\n<p>&nbsp;<\/p>\n<p>Al\u00e9m do lan\u00e7amento oficial, ser\u00e1 lan\u00e7ado tamb\u00e9m nesta mesma noite os seguintes livros solos:<\/p>\n<p>&nbsp;<\/p>\n<p><strong>\u00c9del Pontes &#8211; Voc\u00ea \u00e9 o que pensa<\/strong><\/p>\n<\/div>\n<\/div>\n<p><span data-sheets-root=\"1\">Sinopse:<\/span><\/p>\n<section class=\"text-token-text-primary w-full focus:outline-none [--shadow-height:45px] has-data-writing-block:pointer-events-none has-data-writing-block:-mt-(--shadow-height) has-data-writing-block:pt-(--shadow-height) [&amp;:has([data-writing-block])&gt;*]:pointer-events-auto scroll-mt-(--header-height)\" dir=\"auto\" data-turn-id=\"0eb58ac9-51fa-434f-8ea1-292c8f1bf657\" data-testid=\"conversation-turn-1\" data-scroll-anchor=\"false\" data-turn=\"user\"><\/section>\n<section class=\"text-token-text-primary w-full focus:outline-none [--shadow-height:45px] has-data-writing-block:pointer-events-none has-data-writing-block:-mt-(--shadow-height) has-data-writing-block:pt-(--shadow-height) [&amp;:has([data-writing-block])&gt;*]:pointer-events-auto scroll-mt-[calc(var(--header-height)+min(200px,max(70px,20svh)))]\" dir=\"auto\" data-turn-id=\"request-WEB:0bc0dbaa-9a5f-4815-bedd-63ad7d0b0564-0\" data-testid=\"conversation-turn-2\" data-scroll-anchor=\"true\" data-turn=\"assistant\">\n<div class=\"text-base my-auto mx-auto pb-10 [--thread-content-margin:var(--thread-content-margin-xs,calc(var(--spacing)*4))] @w-sm\/main:[--thread-content-margin:var(--thread-content-margin-sm,calc(var(--spacing)*6))] @w-lg\/main:[--thread-content-margin:var(--thread-content-margin-lg,calc(var(--spacing)*16))] px-(--thread-content-margin)\">\n<div class=\"[--thread-content-max-width:40rem] @w-lg\/main:[--thread-content-max-width:48rem] mx-auto max-w-(--thread-content-max-width) flex-1 group\/turn-messages focus-visible:outline-hidden relative flex w-full min-w-0 flex-col agent-turn\">\n<div class=\"flex max-w-full flex-col gap-4 grow\">\n<div class=\"min-h-8 text-message relative flex w-full flex-col items-end gap-2 text-start break-words whitespace-normal outline-none keyboard-focused:focus-ring [.text-message+&amp;]:mt-1\" dir=\"auto\" tabindex=\"0\" data-message-author-role=\"assistant\" data-message-id=\"ab8aa287-9a31-46e9-8b1f-6aa538f0d73a\" data-message-model-slug=\"gpt-5-3\" data-turn-start-message=\"true\">\n<div class=\"flex w-full flex-col gap-1 empty:hidden\">\n<div class=\"markdown prose dark:prose-invert w-full wrap-break-word light markdown-new-styling\">\n<p data-start=\"0\" data-end=\"217\">Voc\u00ea quer mesmo fazer <strong data-start=\"22\" data-end=\"38\">essa mudan\u00e7a<\/strong>? Somente abra este livro se estiver disposto a encarar uma trilha de transforma\u00e7\u00e3o de dentro para fora \u2014 uma trilha \u00edngreme, mas que te leva \u00e0 vista que voc\u00ea merece vislumbrar.<\/p>\n<p data-start=\"219\" data-end=\"506\">Com base em mais de quinze anos de pesquisa e experi\u00eancias com l\u00edderes, empreendedores e buscadores de prop\u00f3sito no Brasil e no mundo, \u00c9del mostra que cada pensamento \u00e9 uma semente \u2014 e que o segredo para colher o que se deseja est\u00e1 em viver em coer\u00eancia entre mente, emo\u00e7\u00e3o e esp\u00edrito.<\/p>\n<p data-start=\"508\" data-end=\"625\" data-is-last-node=\"\" data-is-only-node=\"\">\u201cVoc\u00ea \u00e9 o que pensa\u201d \u00e9 um convite para encontrar, na coer\u00eancia, o caminho para realizar aquilo que voc\u00ea merece viver.<\/p>\n<p data-start=\"508\" data-end=\"625\" data-is-last-node=\"\" data-is-only-node=\"\">\n<\/div>\n<\/div>\n<\/div>\n<\/div>\n<\/div>\n<\/div>\n<\/section>\n<\/div>\n<p><strong>Fl\u00e1via Duarte &#8211; Mulher, se cuida!<\/strong><\/p>\n<div id=\"descricao-widget\" class=\"elementor-element elementor-element-930556d elementor-widget elementor-widget-woocommerce-product-data-tabs\" data-id=\"930556d\" data-element_type=\"widget\" data-widget_type=\"woocommerce-product-data-tabs.default\">\n<div class=\"woocommerce-tabs wc-tabs-wrapper\">\n<div id=\"tab-description\" class=\"woocommerce-Tabs-panel woocommerce-Tabs-panel--description panel entry-content wc-tab\" role=\"tabpanel\" aria-labelledby=\"tab-title-description\">\n<p><span data-sheets-root=\"1\">Sinopse:<\/span><\/p>\n<p><span data-sheets-root=\"1\">\u201cMULHER Se Cuida!\u201d \u00e9 um chamado profundo e amoroso para mulheres que, em algum momento, aprenderam a silenciar a pr\u00f3pria dor para sobreviver. A partir de sua pr\u00f3pria trajet\u00f3ria de supera\u00e7\u00e3o, Flavia Duarte conduz a leitora por uma jornada de consci\u00eancia, cura emocional e reconex\u00e3o com a pr\u00f3pria ess\u00eancia.<\/span><\/p>\n<p>Com sensibilidade e coragem, o livro aborda temas como trauma, abuso, medo, vergonha, autoimagem e autocuidado, trazendo reflex\u00f5es, relatos reais e caminhos poss\u00edveis para transformar dor em for\u00e7a e sofrimento em amor-pr\u00f3prio. Cada cap\u00edtulo \u00e9 um convite para olhar para o passado sem culpa, acolher as pr\u00f3prias feridas e construir uma nova hist\u00f3ria baseada em respeito, dignidade e prosperidade emocional.<\/p>\n<p>Mais do que um livro, esta obra \u00e9 um espa\u00e7o seguro. Um abra\u00e7o em forma de palavras. Um lembrete poderoso de que autocuidado n\u00e3o \u00e9 ego\u00edsmo, \u00e9 sobreviv\u00eancia \u2014 e que toda mulher merece viver inteira, consciente e livre.<\/p>\n<p>&nbsp;<\/p>\n<p><strong>Rafaela Perensin &#8211; Uma palavra por ano\u00a0\u00a0<\/strong><\/p>\n<p><span data-sheets-root=\"1\">O livro \u201cUma Palavra por Ano\u201d nasceu de um experimento pessoal que a autora realizou por tr\u00eas anos, das in\u00fameras pesquisas sobre linguagem e de sua experi\u00eancia como ghostwriter, tendo escrito mais de 50 livros, al\u00e9m de atuar como autora h\u00e1 mais de uma d\u00e9cada. Com uma t\u00e9cnica simples e, ao mesmo tempo, profunda, essa obra convida o leitor a escolher uma palavra para gui\u00e1-lo ao longo do ano, ajudando-o a construir um vocabul\u00e1rio mais otimista e a manifestar mudan\u00e7as positivas em sua vida. Independentemente do idioma, a linguagem nos conecta como seres humanos, e este livro explora essa conex\u00e3o em uma dimens\u00e3o ainda mais profunda: a clareza na comunica\u00e7\u00e3o consigo mesmo e com o universo \u00e9 essencial para se alinhar ao seu prop\u00f3sito.<\/span><\/p>\n<p>&nbsp;<\/p>\n<p><strong>Vagas limitadas. Evento gratuito. Fa\u00e7a sua inscri\u00e7\u00e3o para garantir sua presen\u00e7a.<\/strong><\/p>\n<p><strong>LOCAL:<\/strong> Livraria da Vila &#8211; Unidade Paulista<strong data-start=\"300\" data-end=\"322\">\u00a0|\u00a0<\/strong> Piso Para\u00edso, R. Treze de Maio, 1947 &#8211; loja 422 &#8211; Bela Vista, S\u00e3o Paulo, 01327-900<\/p>\n<p>&nbsp;<\/p>\n<\/div>\n<\/div>\n<\/div>\n","protected":false},"excerpt":{"rendered":"<p>Sobre o Evento: Ap\u00f3s o sucesso do Congresso Internacional &#8220;The Professional Of The New Era&#8221;, ocorrido em mar\u00e7o, em Miami,&#8230;<\/p>\n","protected":false},"author":2,"featured_media":849,"template":"","meta":{"tpgb_global_settings":""},"product_brand":[],"product_cat":[153],"product_tag":[119,142,145,146,143,82,147,66,144,141,122],"class_list":{"0":"post-848","1":"product","2":"type-product","3":"status-publish","4":"has-post-thumbnail","6":"product_cat-eventos-no-brasil","7":"product_tag-editoraperensin","8":"product_tag-editoraperensine","9":"product_tag-eventos-de-livro-em-sp","10":"product_tag-eventos-de-livros-em-sp-em-junho","11":"product_tag-eventos-em-sp","12":"product_tag-lancamento-de-livro","13":"product_tag-lancamentos-em-sp-em-junho","14":"product_tag-livraria-da-vila","15":"product_tag-livrarias-em-sp","16":"product_tag-miami","17":"product_tag-rafaelaperensin","19":"first","20":"instock","21":"virtual","22":"purchasable","23":"product-type-simple"},"tpgb_featured_images":{"full":["https:\/\/editoraperensin.com.br\/eventos\/wp-content\/uploads\/2026\/03\/Lancamento-Negocios-e-Carreira-RJ.png",1200,800,false],"tp-image-grid":["https:\/\/editoraperensin.com.br\/eventos\/wp-content\/uploads\/2026\/03\/Lancamento-Negocios-e-Carreira-RJ-700x700.png",700,700,true],"thumbnail":["https:\/\/editoraperensin.com.br\/eventos\/wp-content\/uploads\/2026\/03\/Lancamento-Negocios-e-Carreira-RJ-150x150.png",150,150,true],"medium":["https:\/\/editoraperensin.com.br\/eventos\/wp-content\/uploads\/2026\/03\/Lancamento-Negocios-e-Carreira-RJ-300x200.png",300,200,true],"medium_large":["https:\/\/editoraperensin.com.br\/eventos\/wp-content\/uploads\/2026\/03\/Lancamento-Negocios-e-Carreira-RJ-768x512.png",768,512,true],"large":["https:\/\/editoraperensin.com.br\/eventos\/wp-content\/uploads\/2026\/03\/Lancamento-Negocios-e-Carreira-RJ-1024x683.png",1024,683,true],"default":"https:\/\/editoraperensin.com.br\/eventos\/wp-content\/plugins\/the-plus-addons-for-block-editor\/assets\/images\/tpgb-placeholder.jpg"},"tpgb_post_meta_info":{"get_date":"29\/03\/2026","get_modified_date":"24\/04\/2026","category_list":{"product_brand":false,"product_cat":[{"term_id":153,"name":"Eventos no Brasil","slug":"eventos-no-brasil","term_group":0,"term_taxonomy_id":153,"taxonomy":"product_cat","description":"","parent":18,"count":5,"filter":"raw"}],"product_tag":[{"term_id":119,"name":"editoraperensin","slug":"editoraperensin","term_group":0,"term_taxonomy_id":119,"taxonomy":"product_tag","description":"","parent":0,"count":14,"filter":"raw"},{"term_id":142,"name":"editoraperensine","slug":"editoraperensine","term_group":0,"term_taxonomy_id":142,"taxonomy":"product_tag","description":"","parent":0,"count":6,"filter":"raw"},{"term_id":145,"name":"eventos de livro em SP","slug":"eventos-de-livro-em-sp","term_group":0,"term_taxonomy_id":145,"taxonomy":"product_tag","description":"","parent":0,"count":1,"filter":"raw"},{"term_id":146,"name":"eventos de livros em SP em junho","slug":"eventos-de-livros-em-sp-em-junho","term_group":0,"term_taxonomy_id":146,"taxonomy":"product_tag","description":"","parent":0,"count":1,"filter":"raw"},{"term_id":143,"name":"eventos em sp","slug":"eventos-em-sp","term_group":0,"term_taxonomy_id":143,"taxonomy":"product_tag","description":"","parent":0,"count":3,"filter":"raw"},{"term_id":82,"name":"Lan\u00e7amento de livro","slug":"lancamento-de-livro","term_group":0,"term_taxonomy_id":82,"taxonomy":"product_tag","description":"","parent":0,"count":7,"filter":"raw"},{"term_id":147,"name":"lan\u00e7amentos em SP em junho","slug":"lancamentos-em-sp-em-junho","term_group":0,"term_taxonomy_id":147,"taxonomy":"product_tag","description":"","parent":0,"count":1,"filter":"raw"},{"term_id":66,"name":"Livraria da Vila","slug":"livraria-da-vila","term_group":0,"term_taxonomy_id":66,"taxonomy":"product_tag","description":"","parent":0,"count":1,"filter":"raw"},{"term_id":144,"name":"livrarias em SP","slug":"livrarias-em-sp","term_group":0,"term_taxonomy_id":144,"taxonomy":"product_tag","description":"","parent":0,"count":1,"filter":"raw"},{"term_id":141,"name":"miami","slug":"miami","term_group":0,"term_taxonomy_id":141,"taxonomy":"product_tag","description":"","parent":0,"count":1,"filter":"raw"},{"term_id":122,"name":"rafaelaperensin","slug":"rafaelaperensin","term_group":0,"term_taxonomy_id":122,"taxonomy":"product_tag","description":"","parent":0,"count":14,"filter":"raw"}]},"author_name":"rafaela","author_url":"https:\/\/editoraperensin.com.br\/eventos\/author\/rafaela\/","author_email":"perensinproducoes@gmail.com","author_website":"","author_description":"","author_facebook":"","author_twitter":"","author_instagram":"","author_role":["administrator"],"author_firstname":"rafaela","author_lastname":"","user_login":"rafaela","comment_count":0,"post_likes":0,"post_views":0},"tpgb_post_category":{"product_cat":"<a href=\"https:\/\/editoraperensin.com.br\/eventos\/categoria-produto\/eventos\/eventos-no-brasil\/\" alt=\"Eventos no Brasil\" class=\"product_cat-eventos-no-brasil\">Eventos no Brasil<\/a> ","product_tag":"<a href=\"https:\/\/editoraperensin.com.br\/eventos\/produto-tag\/editoraperensin\/\" alt=\"editoraperensin\" class=\"product_tag-editoraperensin\">editoraperensin<\/a> <a href=\"https:\/\/editoraperensin.com.br\/eventos\/produto-tag\/editoraperensine\/\" alt=\"editoraperensine\" class=\"product_tag-editoraperensine\">editoraperensine<\/a> <a href=\"https:\/\/editoraperensin.com.br\/eventos\/produto-tag\/eventos-de-livro-em-sp\/\" alt=\"eventos de livro em SP\" class=\"product_tag-eventos-de-livro-em-sp\">eventos de livro em SP<\/a> <a href=\"https:\/\/editoraperensin.com.br\/eventos\/produto-tag\/eventos-de-livros-em-sp-em-junho\/\" alt=\"eventos de livros em SP em junho\" class=\"product_tag-eventos-de-livros-em-sp-em-junho\">eventos de livros em SP em junho<\/a> <a href=\"https:\/\/editoraperensin.com.br\/eventos\/produto-tag\/eventos-em-sp\/\" alt=\"eventos em sp\" class=\"product_tag-eventos-em-sp\">eventos em sp<\/a> <a href=\"https:\/\/editoraperensin.com.br\/eventos\/produto-tag\/lancamento-de-livro\/\" alt=\"Lan\u00e7amento de livro\" class=\"product_tag-lancamento-de-livro\">Lan\u00e7amento de livro<\/a> <a href=\"https:\/\/editoraperensin.com.br\/eventos\/produto-tag\/lancamentos-em-sp-em-junho\/\" alt=\"lan\u00e7amentos em SP em junho\" class=\"product_tag-lancamentos-em-sp-em-junho\">lan\u00e7amentos em SP em junho<\/a> <a href=\"https:\/\/editoraperensin.com.br\/eventos\/produto-tag\/livraria-da-vila\/\" alt=\"Livraria da Vila\" class=\"product_tag-livraria-da-vila\">Livraria da Vila<\/a> <a href=\"https:\/\/editoraperensin.com.br\/eventos\/produto-tag\/livrarias-em-sp\/\" alt=\"livrarias em SP\" class=\"product_tag-livrarias-em-sp\">livrarias em SP<\/a> <a href=\"https:\/\/editoraperensin.com.br\/eventos\/produto-tag\/miami\/\" alt=\"miami\" class=\"product_tag-miami\">miami<\/a> <a href=\"https:\/\/editoraperensin.com.br\/eventos\/produto-tag\/rafaelaperensin\/\" alt=\"rafaelaperensin\" class=\"product_tag-rafaelaperensin\">rafaelaperensin<\/a> "},"tpgb_product_data":{"price_html":"Gr\u00e1tis","type":"simple","gallery":false,"category":"Eventos no Brasil","procatslug":"eventos-no-brasil"},"_links":{"self":[{"href":"https:\/\/editoraperensin.com.br\/eventos\/wp-json\/wp\/v2\/product\/848","targetHints":{"allow":["GET"]}}],"collection":[{"href":"https:\/\/editoraperensin.com.br\/eventos\/wp-json\/wp\/v2\/product"}],"about":[{"href":"https:\/\/editoraperensin.com.br\/eventos\/wp-json\/wp\/v2\/types\/product"}],"author":[{"embeddable":true,"href":"https:\/\/editoraperensin.com.br\/eventos\/wp-json\/wp\/v2\/users\/2"}],"wp:featuredmedia":[{"embeddable":true,"href":"https:\/\/editoraperensin.com.br\/eventos\/wp-json\/wp\/v2\/media\/849"}],"wp:attachment":[{"href":"https:\/\/editoraperensin.com.br\/eventos\/wp-json\/wp\/v2\/media?parent=848"}],"wp:term":[{"taxonomy":"product_brand","embeddable":true,"href":"https:\/\/editoraperensin.com.br\/eventos\/wp-json\/wp\/v2\/product_brand?post=848"},{"taxonomy":"product_cat","embeddable":true,"href":"https:\/\/editoraperensin.com.br\/eventos\/wp-json\/wp\/v2\/product_cat?post=848"},{"taxonomy":"product_tag","embeddable":true,"href":"https:\/\/editoraperensin.com.br\/eventos\/wp-json\/wp\/v2\/product_tag?post=848"}],"curies":[{"name":"wp","href":"https:\/\/api.w.org\/{rel}","templated":true}]}}