{"id":935,"date":"2026-04-10T14:13:05","date_gmt":"2026-04-10T17:13:05","guid":{"rendered":"https:\/\/editoraperensin.com.br\/eventos\/?post_type=product&#038;p=935"},"modified":"2026-04-28T18:18:08","modified_gmt":"2026-04-28T21:18:08","slug":"a-arte-da-envelescencia-feminina","status":"publish","type":"product","link":"https:\/\/editoraperensin.com.br\/eventos\/produto\/a-arte-da-envelescencia-feminina\/","title":{"rendered":"A ARTE DA ENVELHESC\u00caNCIA FEMININA"},"content":{"rendered":"<div class=\"elementor-element elementor-element-8219731 elementor-widget elementor-widget-woocommerce-product-title elementor-page-title elementor-widget-heading\" data-id=\"8219731\" data-element_type=\"widget\" data-widget_type=\"woocommerce-product-title.default\"><\/div>\n<div id=\"descricao-widget\" class=\"elementor-element elementor-element-930556d elementor-widget elementor-widget-woocommerce-product-data-tabs\" data-id=\"930556d\" data-element_type=\"widget\" data-widget_type=\"woocommerce-product-data-tabs.default\">\n<div class=\"woocommerce-tabs wc-tabs-wrapper\">\n<div id=\"tab-description\" class=\"woocommerce-Tabs-panel woocommerce-Tabs-panel--description panel entry-content wc-tab\" role=\"tabpanel\" aria-labelledby=\"tab-title-description\">\n<div class=\"elementor-element elementor-element-8219731 elementor-widget elementor-widget-woocommerce-product-title elementor-page-title elementor-widget-heading\" data-id=\"8219731\" data-element_type=\"widget\" data-widget_type=\"woocommerce-product-title.default\">\n<h1 class=\"product_title entry-title elementor-heading-title elementor-size-default\">Sobre o Evento<\/h1>\n<\/div>\n<div id=\"descricao-widget\" class=\"elementor-element elementor-element-930556d elementor-widget elementor-widget-woocommerce-product-data-tabs\" data-id=\"930556d\" data-element_type=\"widget\" data-widget_type=\"woocommerce-product-data-tabs.default\">\n<div class=\"woocommerce-tabs wc-tabs-wrapper\">\n<div id=\"tab-description\" class=\"woocommerce-Tabs-panel woocommerce-Tabs-panel--description panel entry-content wc-tab\" role=\"tabpanel\" aria-labelledby=\"tab-title-description\">\n<p data-start=\"214\" data-end=\"269\">No <strong>\u00faltimo s\u00e1bado<\/strong><strong>\u00a0de cada m\u00eas<\/strong>, voc\u00ea tem um encontro na Coruja com a autora Michele Leal: <strong>A Arte da Envelhesc\u00eancia Feminina<\/strong>, um momento de<strong> conversa, inspira\u00e7\u00e3o e arte!<\/strong><\/p>\n<p data-start=\"214\" data-end=\"269\">Cada encontro \u00e9 \u00fanico, mas sempre com o mesmo objetivo: ser um espa\u00e7o de conversa e acolhimento sobre envelhecimento feminino, atrav\u00e9s de encontros psico-cine-liter\u00e1rios, que v\u00e3o tratar sobre o tema a partir de manifesta\u00e7\u00f5es art\u00edsticas. Espa\u00e7o acolhedor, debates sobre arte, uma conversa aberta, e um caf\u00e9 quentinho te esperam <strong>(sempre no \u00faltimo s\u00e1bado do m\u00eas)<\/strong>, aqui na Coruja!<\/p>\n<p data-start=\"214\" data-end=\"269\"><strong>Neste s\u00e1bado, 30 de maio,<\/strong> voc\u00ea ir\u00e1 se encontrar com a psic\u00f3loga, e educadora, <strong>Michele Leal<\/strong>, que vai tratar sobre o tema <strong>Alta Sensibilidade, Autocuidado e Autoestima: <\/strong>de mulheres para mulheres.\u00a0Al\u00e9m da apresenta\u00e7\u00e3o do <strong>&#8220;Canto do Ventre&#8221;<\/strong> com Marion, e de uma discuss\u00e3o sobre <strong>Rubem Alves e a velhice,<\/strong> pela estudiosa Regina Campisse.<\/p>\n<h2 data-start=\"214\" data-end=\"269\">Biografia<\/h2>\n<p data-start=\"214\" data-end=\"269\">Michele, que j\u00e1 trabalha com projetos em grupos e atendimentos individuais em Juiz de Fora, h\u00e1 10 anos trabalhando com Biblioterapia &#8211; pr\u00e1tica de cuidado atrav\u00e9s da literatura -, est\u00e1 trazendo sua experi\u00eancia para voc\u00ea aproveitar esse momento de troca.<\/p>\n<\/div>\n<div id=\"tab-description\" class=\"woocommerce-Tabs-panel woocommerce-Tabs-panel--description panel entry-content wc-tab\" role=\"tabpanel\" aria-labelledby=\"tab-title-description\">\n<p data-start=\"214\" data-end=\"269\">Seja bem-vindo para falar ou apenas ouvir, o importante \u00e9 participar!<\/p>\n<h2>Entrada gratuita!<\/h2>\n<p>*Sujeita a lota\u00e7\u00e3o.<\/p>\n<p>&nbsp;<\/p>\n<div class=\"elementor-element elementor-element-8f3a321 e-flex e-con-boxed e-con e-parent e-lazyloaded\" data-id=\"8f3a321\" data-element_type=\"container\" data-settings=\"{&quot;background_background&quot;:&quot;classic&quot;}\">\n<div class=\"e-con-inner\">\n<div class=\"elementor-element elementor-element-845f6b0 e-con-full e-flex e-con e-child\" data-id=\"845f6b0\" data-element_type=\"container\">\n<div id=\"descricao-widget\" class=\"elementor-element elementor-element-930556d elementor-widget elementor-widget-woocommerce-product-data-tabs\" data-id=\"930556d\" data-element_type=\"widget\" data-widget_type=\"woocommerce-product-data-tabs.default\">\n<div class=\"woocommerce-tabs wc-tabs-wrapper\">\n<div id=\"tab-description\" class=\"woocommerce-Tabs-panel woocommerce-Tabs-panel--description panel entry-content wc-tab\" role=\"tabpanel\" aria-labelledby=\"tab-title-description\">\n<p><strong>Veja como foi nosso \u00faltimo encontro:<\/strong><\/p>\n<div id='gallery-1' class='gallery galleryid-935 gallery-columns-3 gallery-size-full'><figure class='gallery-item'>\n\t\t\t<div class='gallery-icon portrait'>\n\t\t\t\t<a href='https:\/\/editoraperensin.com.br\/eventos\/?attachment_id=938'><img fetchpriority=\"high\" decoding=\"async\" width=\"1440\" height=\"2560\" src=\"https:\/\/editoraperensin.com.br\/eventos\/wp-content\/uploads\/2026\/04\/IMG_1497-scaled.jpeg\" class=\"attachment-full size-full\" alt=\"\" srcset=\"https:\/\/editoraperensin.com.br\/eventos\/wp-content\/uploads\/2026\/04\/IMG_1497-scaled.jpeg 1440w, https:\/\/editoraperensin.com.br\/eventos\/wp-content\/uploads\/2026\/04\/IMG_1497-169x300.jpeg 169w, https:\/\/editoraperensin.com.br\/eventos\/wp-content\/uploads\/2026\/04\/IMG_1497-576x1024.jpeg 576w, https:\/\/editoraperensin.com.br\/eventos\/wp-content\/uploads\/2026\/04\/IMG_1497-768x1365.jpeg 768w, https:\/\/editoraperensin.com.br\/eventos\/wp-content\/uploads\/2026\/04\/IMG_1497-864x1536.jpeg 864w, https:\/\/editoraperensin.com.br\/eventos\/wp-content\/uploads\/2026\/04\/IMG_1497-1152x2048.jpeg 1152w, https:\/\/editoraperensin.com.br\/eventos\/wp-content\/uploads\/2026\/04\/IMG_1497-510x907.jpeg 510w\" sizes=\"(max-width: 1440px) 100vw, 1440px\" \/><\/a>\n\t\t\t<\/div><\/figure><figure class='gallery-item'>\n\t\t\t<div class='gallery-icon portrait'>\n\t\t\t\t<a href='https:\/\/editoraperensin.com.br\/eventos\/?attachment_id=940'><img decoding=\"async\" width=\"1440\" height=\"2560\" src=\"https:\/\/editoraperensin.com.br\/eventos\/wp-content\/uploads\/2026\/04\/IMG_1500-scaled.jpeg\" class=\"attachment-full size-full\" alt=\"\" srcset=\"https:\/\/editoraperensin.com.br\/eventos\/wp-content\/uploads\/2026\/04\/IMG_1500-scaled.jpeg 1440w, https:\/\/editoraperensin.com.br\/eventos\/wp-content\/uploads\/2026\/04\/IMG_1500-169x300.jpeg 169w, https:\/\/editoraperensin.com.br\/eventos\/wp-content\/uploads\/2026\/04\/IMG_1500-576x1024.jpeg 576w, https:\/\/editoraperensin.com.br\/eventos\/wp-content\/uploads\/2026\/04\/IMG_1500-768x1365.jpeg 768w, https:\/\/editoraperensin.com.br\/eventos\/wp-content\/uploads\/2026\/04\/IMG_1500-864x1536.jpeg 864w, https:\/\/editoraperensin.com.br\/eventos\/wp-content\/uploads\/2026\/04\/IMG_1500-1152x2048.jpeg 1152w, https:\/\/editoraperensin.com.br\/eventos\/wp-content\/uploads\/2026\/04\/IMG_1500-510x907.jpeg 510w\" sizes=\"(max-width: 1440px) 100vw, 1440px\" \/><\/a>\n\t\t\t<\/div><\/figure><figure class='gallery-item'>\n\t\t\t<div class='gallery-icon portrait'>\n\t\t\t\t<a href='https:\/\/editoraperensin.com.br\/eventos\/?attachment_id=941'><img decoding=\"async\" width=\"1440\" height=\"2560\" src=\"https:\/\/editoraperensin.com.br\/eventos\/wp-content\/uploads\/2026\/04\/IMG_1498-scaled.jpeg\" class=\"attachment-full size-full\" alt=\"\" srcset=\"https:\/\/editoraperensin.com.br\/eventos\/wp-content\/uploads\/2026\/04\/IMG_1498-scaled.jpeg 1440w, https:\/\/editoraperensin.com.br\/eventos\/wp-content\/uploads\/2026\/04\/IMG_1498-169x300.jpeg 169w, https:\/\/editoraperensin.com.br\/eventos\/wp-content\/uploads\/2026\/04\/IMG_1498-576x1024.jpeg 576w, https:\/\/editoraperensin.com.br\/eventos\/wp-content\/uploads\/2026\/04\/IMG_1498-768x1365.jpeg 768w, https:\/\/editoraperensin.com.br\/eventos\/wp-content\/uploads\/2026\/04\/IMG_1498-864x1536.jpeg 864w, https:\/\/editoraperensin.com.br\/eventos\/wp-content\/uploads\/2026\/04\/IMG_1498-1152x2048.jpeg 1152w, https:\/\/editoraperensin.com.br\/eventos\/wp-content\/uploads\/2026\/04\/IMG_1498-510x907.jpeg 510w\" sizes=\"(max-width: 1440px) 100vw, 1440px\" \/><\/a>\n\t\t\t<\/div><\/figure>\n\t\t<\/div>\n\n<p><strong>LOCAL:<\/strong>\u00a0<strong data-start=\"300\" data-end=\"322\">Cafeteria &amp; Editora Perensin |\u00a0<\/strong> R. Dom Silv\u00e9rio, 150 \u2013 Passos, Juiz de Fora \u2013 MG, 36026-450, Brasil<\/p>\n<\/div>\n<\/div>\n<\/div>\n<\/div>\n<\/div>\n<\/div>\n<\/div>\n<\/div>\n<\/div>\n<p><iframe src=\"https:\/\/www.google.com\/maps\/embed?pb=!1m18!1m12!1m3!1d3705.041232674068!2d-43.35148672358069!3d-21.778665147103613!2m3!1f0!2f0!3f0!3m2!1i1024!2i768!4f13.1!3m3!1m2!1s0x989d641e0d1ad9%3A0xcb7b5a40674e873!2sCafeteria%20e%20Editora%20Perensin!5e0!3m2!1sen!2spt!4v1758320469635!5m2!1sen!2spt\" width=\"600\" height=\"450\" allowfullscreen=\"allowfullscreen\" data-mce-fragment=\"1\"><\/iframe><\/p>\n<\/div>\n<\/div>\n<\/div>\n","protected":false},"excerpt":{"rendered":"<p>Sobre o Evento No \u00faltimo s\u00e1bado\u00a0de cada m\u00eas, voc\u00ea tem um encontro na Coruja com a autora Michele Leal: A&#8230;<\/p>\n","protected":false},"author":35,"featured_media":1087,"template":"","meta":{"tpgb_global_settings":""},"product_brand":[],"product_cat":[18,152],"product_tag":[138,121,119,139,80,122],"class_list":{"0":"post-935","1":"product","2":"type-product","3":"status-publish","4":"has-post-thumbnail","6":"product_cat-eventos","7":"product_cat-eventos-em-juiz-de-fora","8":"product_tag-cafeteria-juiz-de-fora","9":"product_tag-coruja","10":"product_tag-editoraperensin","11":"product_tag-eventos-em-juiz-de-fora","12":"product_tag-eventos-jf","13":"product_tag-rafaelaperensin","15":"first","16":"instock","17":"virtual","18":"purchasable","19":"product-type-simple"},"tpgb_featured_images":{"full":["https:\/\/editoraperensin.com.br\/eventos\/wp-content\/uploads\/2026\/04\/MULHERES-LOGICAS-3.png",1200,800,false],"tp-image-grid":["https:\/\/editoraperensin.com.br\/eventos\/wp-content\/uploads\/2026\/04\/MULHERES-LOGICAS-3-700x700.png",700,700,true],"thumbnail":["https:\/\/editoraperensin.com.br\/eventos\/wp-content\/uploads\/2026\/04\/MULHERES-LOGICAS-3-150x150.png",150,150,true],"medium":["https:\/\/editoraperensin.com.br\/eventos\/wp-content\/uploads\/2026\/04\/MULHERES-LOGICAS-3-300x200.png",300,200,true],"medium_large":["https:\/\/editoraperensin.com.br\/eventos\/wp-content\/uploads\/2026\/04\/MULHERES-LOGICAS-3-768x512.png",768,512,true],"large":["https:\/\/editoraperensin.com.br\/eventos\/wp-content\/uploads\/2026\/04\/MULHERES-LOGICAS-3-1024x683.png",1024,683,true],"default":"https:\/\/editoraperensin.com.br\/eventos\/wp-content\/plugins\/the-plus-addons-for-block-editor\/assets\/images\/tpgb-placeholder.jpg"},"tpgb_post_meta_info":{"get_date":"10\/04\/2026","get_modified_date":"28\/04\/2026","category_list":{"product_brand":false,"product_cat":[{"term_id":18,"name":"Eventos","slug":"eventos","term_group":0,"term_taxonomy_id":18,"taxonomy":"product_cat","description":"","parent":0,"count":13,"filter":"raw"},{"term_id":152,"name":"Eventos em Juiz de Fora","slug":"eventos-em-juiz-de-fora","term_group":0,"term_taxonomy_id":152,"taxonomy":"product_cat","description":"","parent":18,"count":8,"filter":"raw"}],"product_tag":[{"term_id":138,"name":"cafeteria juiz de fora","slug":"cafeteria-juiz-de-fora","term_group":0,"term_taxonomy_id":138,"taxonomy":"product_tag","description":"","parent":0,"count":4,"filter":"raw"},{"term_id":121,"name":"coruja","slug":"coruja","term_group":0,"term_taxonomy_id":121,"taxonomy":"product_tag","description":"","parent":0,"count":6,"filter":"raw"},{"term_id":119,"name":"editoraperensin","slug":"editoraperensin","term_group":0,"term_taxonomy_id":119,"taxonomy":"product_tag","description":"","parent":0,"count":14,"filter":"raw"},{"term_id":139,"name":"eventos em juiz de fora","slug":"eventos-em-juiz-de-fora","term_group":0,"term_taxonomy_id":139,"taxonomy":"product_tag","description":"","parent":0,"count":4,"filter":"raw"},{"term_id":80,"name":"Eventos JF","slug":"eventos-jf","term_group":0,"term_taxonomy_id":80,"taxonomy":"product_tag","description":"","parent":0,"count":4,"filter":"raw"},{"term_id":122,"name":"rafaelaperensin","slug":"rafaelaperensin","term_group":0,"term_taxonomy_id":122,"taxonomy":"product_tag","description":"","parent":0,"count":14,"filter":"raw"}]},"author_name":"Pettry Almeida","author_url":"https:\/\/editoraperensin.com.br\/eventos\/author\/pettry\/","author_email":"revisao.perensin@gmail.com","author_website":"","author_description":"","author_facebook":"","author_twitter":"","author_instagram":"","author_role":["administrator"],"author_firstname":"Pettry","author_lastname":"Almeida","user_login":"Pettry","comment_count":0,"post_likes":0,"post_views":0},"tpgb_post_category":{"product_cat":"<a href=\"https:\/\/editoraperensin.com.br\/eventos\/categoria-produto\/eventos\/\" alt=\"Eventos\" class=\"product_cat-eventos\">Eventos<\/a> <a href=\"https:\/\/editoraperensin.com.br\/eventos\/categoria-produto\/eventos\/eventos-em-juiz-de-fora\/\" alt=\"Eventos em Juiz de Fora\" class=\"product_cat-eventos-em-juiz-de-fora\">Eventos em Juiz de Fora<\/a> ","product_tag":"<a href=\"https:\/\/editoraperensin.com.br\/eventos\/produto-tag\/cafeteria-juiz-de-fora\/\" alt=\"cafeteria juiz de fora\" class=\"product_tag-cafeteria-juiz-de-fora\">cafeteria juiz de fora<\/a> <a href=\"https:\/\/editoraperensin.com.br\/eventos\/produto-tag\/coruja\/\" alt=\"coruja\" class=\"product_tag-coruja\">coruja<\/a> <a href=\"https:\/\/editoraperensin.com.br\/eventos\/produto-tag\/editoraperensin\/\" alt=\"editoraperensin\" class=\"product_tag-editoraperensin\">editoraperensin<\/a> <a href=\"https:\/\/editoraperensin.com.br\/eventos\/produto-tag\/eventos-em-juiz-de-fora\/\" alt=\"eventos em juiz de fora\" class=\"product_tag-eventos-em-juiz-de-fora\">eventos em juiz de fora<\/a> <a href=\"https:\/\/editoraperensin.com.br\/eventos\/produto-tag\/eventos-jf\/\" alt=\"Eventos JF\" class=\"product_tag-eventos-jf\">Eventos JF<\/a> <a href=\"https:\/\/editoraperensin.com.br\/eventos\/produto-tag\/rafaelaperensin\/\" alt=\"rafaelaperensin\" class=\"product_tag-rafaelaperensin\">rafaelaperensin<\/a> "},"tpgb_product_data":{"price_html":"Gr\u00e1tis","type":"simple","gallery":false,"category":"Eventos","procatslug":"eventos"},"_links":{"self":[{"href":"https:\/\/editoraperensin.com.br\/eventos\/wp-json\/wp\/v2\/product\/935","targetHints":{"allow":["GET"]}}],"collection":[{"href":"https:\/\/editoraperensin.com.br\/eventos\/wp-json\/wp\/v2\/product"}],"about":[{"href":"https:\/\/editoraperensin.com.br\/eventos\/wp-json\/wp\/v2\/types\/product"}],"author":[{"embeddable":true,"href":"https:\/\/editoraperensin.com.br\/eventos\/wp-json\/wp\/v2\/users\/35"}],"wp:featuredmedia":[{"embeddable":true,"href":"https:\/\/editoraperensin.com.br\/eventos\/wp-json\/wp\/v2\/media\/1087"}],"wp:attachment":[{"href":"https:\/\/editoraperensin.com.br\/eventos\/wp-json\/wp\/v2\/media?parent=935"}],"wp:term":[{"taxonomy":"product_brand","embeddable":true,"href":"https:\/\/editoraperensin.com.br\/eventos\/wp-json\/wp\/v2\/product_brand?post=935"},{"taxonomy":"product_cat","embeddable":true,"href":"https:\/\/editoraperensin.com.br\/eventos\/wp-json\/wp\/v2\/product_cat?post=935"},{"taxonomy":"product_tag","embeddable":true,"href":"https:\/\/editoraperensin.com.br\/eventos\/wp-json\/wp\/v2\/product_tag?post=935"}],"curies":[{"name":"wp","href":"https:\/\/api.w.org\/{rel}","templated":true}]}}