{"id":944,"date":"2026-04-10T15:46:02","date_gmt":"2026-04-10T18:46:02","guid":{"rendered":"https:\/\/editoraperensin.com.br\/eventos\/?post_type=product&#038;p=944"},"modified":"2026-04-22T23:33:56","modified_gmt":"2026-04-23T02:33:56","slug":"rj-travessa-lancamento-de-livro","status":"publish","type":"product","link":"https:\/\/editoraperensin.com.br\/eventos\/produto\/rj-travessa-lancamento-de-livro\/","title":{"rendered":"RJ Travessa: Lan\u00e7amento de livro"},"content":{"rendered":"<h1 class=\"elementor-element elementor-element-8219731 elementor-widget elementor-widget-woocommerce-product-title elementor-page-title elementor-widget-heading\" data-id=\"8219731\" data-element_type=\"widget\" data-widget_type=\"woocommerce-product-title.default\"><span style=\"font-size: 16px;\">Sobre o Evento:<\/span><\/h1>\n<p>Autoras se encontram no evento RJ Travessa para o lan\u00e7amento do livro &#8220;Vozes da Autenticidade&#8221; na Livraria da Travessa no Rio de Janeiro.<\/p>\n<p>Participe desta noite especial e aproveite para conhecer melhor as autores, garantir seu aut\u00f3grafo e fotos!<\/p>\n<p><strong>Sinopse da obra:<\/strong><\/p>\n<p data-renderer-start-pos=\"313\">Toda mulher tem uma voz \u00fanica e poderosa. O \u00fanico desafio \u00e9 \u2014 e talvez o maior deles \u2014 realmente ouvi-la de dentro para fora, para ent\u00e3o projet\u00e1-la no mundo ao seu redor.<\/p>\n<p data-renderer-start-pos=\"485\">Em Vozes da Autenticidade, voc\u00ea ir\u00e1 conhecer hist\u00f3rias reais de mulheres que vivenciaram o processo de acolher suas pr\u00f3prias hist\u00f3rias com orgulho.<\/p>\n<p data-renderer-start-pos=\"634\">Vozes da Autenticidade \u00e9 uma obra para que toda mulher se inspire ao olhar para si mesma e projetar o futuro que merece viver. Abra este livro e permita-se inspirar pelo sucesso aut\u00eantico dessas mulheres.<\/p>\n<p data-start=\"609\" data-end=\"630\" data-is-last-node=\"\" data-is-only-node=\"\"><strong>AUTORAS DA OBRA:<\/strong><\/p>\n<ul>\n<li data-section-id=\"aidano\" data-start=\"0\" data-end=\"18\">\n<p data-renderer-start-pos=\"862\">Jessica de Faria da Silva<\/p>\n<\/li>\n<li data-section-id=\"aidano\" data-start=\"0\" data-end=\"18\">\n<p data-renderer-start-pos=\"862\">Pillar Alves Paladini<\/p>\n<\/li>\n<li data-section-id=\"aidano\" data-start=\"0\" data-end=\"18\">\n<p data-renderer-start-pos=\"862\">Iasmyn Raad Albuquerque de Souza<\/p>\n<\/li>\n<li data-section-id=\"aidano\" data-start=\"0\" data-end=\"18\">\n<p data-renderer-start-pos=\"862\">Juliana Tormena<\/p>\n<\/li>\n<li data-section-id=\"aidano\" data-start=\"0\" data-end=\"18\">\n<p data-renderer-start-pos=\"862\">Paula Bento de Vasconcelos<\/p>\n<\/li>\n<li data-section-id=\"aidano\" data-start=\"0\" data-end=\"18\">\n<p data-renderer-start-pos=\"862\">Leonara Milanezi<\/p>\n<\/li>\n<li data-section-id=\"aidano\" data-start=\"0\" data-end=\"18\">\n<p data-renderer-start-pos=\"862\">Tatiane Aparecida do Nascimento<\/p>\n<\/li>\n<li data-section-id=\"aidano\" data-start=\"0\" data-end=\"18\">\n<p data-renderer-start-pos=\"862\">Maria Nilda Viana Clementino<\/p>\n<\/li>\n<li data-section-id=\"aidano\" data-start=\"0\" data-end=\"18\">\n<p data-renderer-start-pos=\"862\">Carla Vanessa da Costa E\u00e7a Moraes<\/p>\n<\/li>\n<li data-section-id=\"aidano\" data-start=\"0\" data-end=\"18\">\n<p data-renderer-start-pos=\"862\">Adeliane vieira de barros<\/p>\n<\/li>\n<li data-section-id=\"aidano\" data-start=\"0\" data-end=\"18\">\n<p data-renderer-start-pos=\"862\">Aline Vieira de Barros<\/p>\n<\/li>\n<li data-section-id=\"aidano\" data-start=\"0\" data-end=\"18\">Dayse Maia<\/li>\n<\/ul>\n<div role=\"tabpanel\" aria-labelledby=\"tab-title-description\"><strong>Organiza\u00e7\u00e3o:\u00a0<\/strong>Viviane Reis e Rafaela Perensin.<\/div>\n<div role=\"tabpanel\" aria-labelledby=\"tab-title-description\"><\/div>\n<div id=\"descricao-widget\" class=\"elementor-element elementor-element-930556d elementor-widget elementor-widget-woocommerce-product-data-tabs\" data-id=\"930556d\" data-element_type=\"widget\" data-widget_type=\"woocommerce-product-data-tabs.default\">\n<div class=\"woocommerce-tabs wc-tabs-wrapper\">\n<div id=\"tab-description\" class=\"woocommerce-Tabs-panel woocommerce-Tabs-panel--description panel entry-content wc-tab\" role=\"tabpanel\" aria-labelledby=\"tab-title-description\">\n<p><strong>Vagas limitadas. Evento gratuito. Fa\u00e7a sua inscri\u00e7\u00e3o para garantir sua presen\u00e7a!<\/strong><\/p>\n<p><strong>LOCAL:<\/strong> Livraria Travessa unidade Barra Shopping &#8211; Av. das Am\u00e9ricas, 4666 &#8211; Loja 220 &#8211; Barra da Tijuca, Rio de Janeiro &#8211; RJ, 22640-102<\/p>\n<p>&nbsp;<\/p>\n<\/div>\n<\/div>\n<\/div>\n<p><iframe style=\"border: 0;\" src=\"https:\/\/www.google.com\/maps\/embed?pb=!1m18!1m12!1m3!1d3672.728226006027!2d-43.36036732551059!3d-22.997019241100435!2m3!1f0!2f0!3f0!3m2!1i1024!2i768!4f13.1!3m3!1m2!1s0x9bdb23bf5ae069%3A0x7fb8c098d28f49c5!2sLivraria%20da%20Travessa!5e0!3m2!1spt-BR!2sbr!4v1775855747352!5m2!1spt-BR!2sbr\" width=\"600\" height=\"450\" allowfullscreen=\"allowfullscreen\"><\/iframe><\/p>\n","protected":false},"excerpt":{"rendered":"<p>Sobre o Evento: Autoras se encontram no evento RJ Travessa para o lan\u00e7amento do livro &#8220;Vozes da Autenticidade&#8221; na Livraria&#8230;<\/p>\n","protected":false},"author":35,"featured_media":1023,"template":"","meta":{"tpgb_global_settings":""},"product_brand":[],"product_cat":[153],"product_tag":[119,155,158,82,157,156,122],"class_list":{"0":"post-944","1":"product","2":"type-product","3":"status-publish","4":"has-post-thumbnail","6":"product_cat-eventos-no-brasil","7":"product_tag-editoraperensin","8":"product_tag-evento-de-livros-em-rj","9":"product_tag-eventos-perensin-junho","10":"product_tag-lancamento-de-livro","11":"product_tag-lancamentos-em-rj","12":"product_tag-livraria-travessa","13":"product_tag-rafaelaperensin","15":"first","16":"instock","17":"virtual","18":"purchasable","19":"product-type-simple"},"tpgb_featured_images":{"full":["https:\/\/editoraperensin.com.br\/eventos\/wp-content\/uploads\/2026\/04\/Lancamento-Negocios-e-Carreira-RJ-1-1.png",1200,800,false],"tp-image-grid":["https:\/\/editoraperensin.com.br\/eventos\/wp-content\/uploads\/2026\/04\/Lancamento-Negocios-e-Carreira-RJ-1-1-700x700.png",700,700,true],"thumbnail":["https:\/\/editoraperensin.com.br\/eventos\/wp-content\/uploads\/2026\/04\/Lancamento-Negocios-e-Carreira-RJ-1-1-150x150.png",150,150,true],"medium":["https:\/\/editoraperensin.com.br\/eventos\/wp-content\/uploads\/2026\/04\/Lancamento-Negocios-e-Carreira-RJ-1-1-300x200.png",300,200,true],"medium_large":["https:\/\/editoraperensin.com.br\/eventos\/wp-content\/uploads\/2026\/04\/Lancamento-Negocios-e-Carreira-RJ-1-1-768x512.png",768,512,true],"large":["https:\/\/editoraperensin.com.br\/eventos\/wp-content\/uploads\/2026\/04\/Lancamento-Negocios-e-Carreira-RJ-1-1-1024x683.png",1024,683,true],"default":"https:\/\/editoraperensin.com.br\/eventos\/wp-content\/plugins\/the-plus-addons-for-block-editor\/assets\/images\/tpgb-placeholder.jpg"},"tpgb_post_meta_info":{"get_date":"10\/04\/2026","get_modified_date":"22\/04\/2026","category_list":{"product_brand":false,"product_cat":[{"term_id":153,"name":"Eventos no Brasil","slug":"eventos-no-brasil","term_group":0,"term_taxonomy_id":153,"taxonomy":"product_cat","description":"","parent":18,"count":5,"filter":"raw"}],"product_tag":[{"term_id":119,"name":"editoraperensin","slug":"editoraperensin","term_group":0,"term_taxonomy_id":119,"taxonomy":"product_tag","description":"","parent":0,"count":14,"filter":"raw"},{"term_id":155,"name":"evento de livros em RJ","slug":"evento-de-livros-em-rj","term_group":0,"term_taxonomy_id":155,"taxonomy":"product_tag","description":"","parent":0,"count":1,"filter":"raw"},{"term_id":158,"name":"eventos perensin junho","slug":"eventos-perensin-junho","term_group":0,"term_taxonomy_id":158,"taxonomy":"product_tag","description":"","parent":0,"count":2,"filter":"raw"},{"term_id":82,"name":"Lan\u00e7amento de livro","slug":"lancamento-de-livro","term_group":0,"term_taxonomy_id":82,"taxonomy":"product_tag","description":"","parent":0,"count":7,"filter":"raw"},{"term_id":157,"name":"lan\u00e7amentos em RJ","slug":"lancamentos-em-rj","term_group":0,"term_taxonomy_id":157,"taxonomy":"product_tag","description":"","parent":0,"count":1,"filter":"raw"},{"term_id":156,"name":"Livraria Travessa","slug":"livraria-travessa","term_group":0,"term_taxonomy_id":156,"taxonomy":"product_tag","description":"","parent":0,"count":1,"filter":"raw"},{"term_id":122,"name":"rafaelaperensin","slug":"rafaelaperensin","term_group":0,"term_taxonomy_id":122,"taxonomy":"product_tag","description":"","parent":0,"count":14,"filter":"raw"}]},"author_name":"Pettry Almeida","author_url":"https:\/\/editoraperensin.com.br\/eventos\/author\/pettry\/","author_email":"revisao.perensin@gmail.com","author_website":"","author_description":"","author_facebook":"","author_twitter":"","author_instagram":"","author_role":["administrator"],"author_firstname":"Pettry","author_lastname":"Almeida","user_login":"Pettry","comment_count":0,"post_likes":0,"post_views":0},"tpgb_post_category":{"product_cat":"<a href=\"https:\/\/editoraperensin.com.br\/eventos\/categoria-produto\/eventos\/eventos-no-brasil\/\" alt=\"Eventos no Brasil\" class=\"product_cat-eventos-no-brasil\">Eventos no Brasil<\/a> ","product_tag":"<a href=\"https:\/\/editoraperensin.com.br\/eventos\/produto-tag\/editoraperensin\/\" alt=\"editoraperensin\" class=\"product_tag-editoraperensin\">editoraperensin<\/a> <a href=\"https:\/\/editoraperensin.com.br\/eventos\/produto-tag\/evento-de-livros-em-rj\/\" alt=\"evento de livros em RJ\" class=\"product_tag-evento-de-livros-em-rj\">evento de livros em RJ<\/a> <a href=\"https:\/\/editoraperensin.com.br\/eventos\/produto-tag\/eventos-perensin-junho\/\" alt=\"eventos perensin junho\" class=\"product_tag-eventos-perensin-junho\">eventos perensin junho<\/a> <a href=\"https:\/\/editoraperensin.com.br\/eventos\/produto-tag\/lancamento-de-livro\/\" alt=\"Lan\u00e7amento de livro\" class=\"product_tag-lancamento-de-livro\">Lan\u00e7amento de livro<\/a> <a href=\"https:\/\/editoraperensin.com.br\/eventos\/produto-tag\/lancamentos-em-rj\/\" alt=\"lan\u00e7amentos em RJ\" class=\"product_tag-lancamentos-em-rj\">lan\u00e7amentos em RJ<\/a> <a href=\"https:\/\/editoraperensin.com.br\/eventos\/produto-tag\/livraria-travessa\/\" alt=\"Livraria Travessa\" class=\"product_tag-livraria-travessa\">Livraria Travessa<\/a> <a href=\"https:\/\/editoraperensin.com.br\/eventos\/produto-tag\/rafaelaperensin\/\" alt=\"rafaelaperensin\" class=\"product_tag-rafaelaperensin\">rafaelaperensin<\/a> "},"tpgb_product_data":{"price_html":"Gr\u00e1tis","type":"simple","gallery":false,"category":"Eventos no Brasil","procatslug":"eventos-no-brasil"},"_links":{"self":[{"href":"https:\/\/editoraperensin.com.br\/eventos\/wp-json\/wp\/v2\/product\/944","targetHints":{"allow":["GET"]}}],"collection":[{"href":"https:\/\/editoraperensin.com.br\/eventos\/wp-json\/wp\/v2\/product"}],"about":[{"href":"https:\/\/editoraperensin.com.br\/eventos\/wp-json\/wp\/v2\/types\/product"}],"author":[{"embeddable":true,"href":"https:\/\/editoraperensin.com.br\/eventos\/wp-json\/wp\/v2\/users\/35"}],"wp:featuredmedia":[{"embeddable":true,"href":"https:\/\/editoraperensin.com.br\/eventos\/wp-json\/wp\/v2\/media\/1023"}],"wp:attachment":[{"href":"https:\/\/editoraperensin.com.br\/eventos\/wp-json\/wp\/v2\/media?parent=944"}],"wp:term":[{"taxonomy":"product_brand","embeddable":true,"href":"https:\/\/editoraperensin.com.br\/eventos\/wp-json\/wp\/v2\/product_brand?post=944"},{"taxonomy":"product_cat","embeddable":true,"href":"https:\/\/editoraperensin.com.br\/eventos\/wp-json\/wp\/v2\/product_cat?post=944"},{"taxonomy":"product_tag","embeddable":true,"href":"https:\/\/editoraperensin.com.br\/eventos\/wp-json\/wp\/v2\/product_tag?post=944"}],"curies":[{"name":"wp","href":"https:\/\/api.w.org\/{rel}","templated":true}]}}