{"id":964,"date":"2026-04-13T19:38:19","date_gmt":"2026-04-13T22:38:19","guid":{"rendered":"https:\/\/editoraperensin.com.br\/eventos\/?post_type=product&#038;p=964"},"modified":"2026-04-24T15:37:17","modified_gmt":"2026-04-24T18:37:17","slug":"movimento-saude-na-nova-era-amor-em-movimento","status":"publish","type":"product","link":"https:\/\/editoraperensin.com.br\/eventos\/produto\/movimento-saude-na-nova-era-amor-em-movimento\/","title":{"rendered":"Bras\u00edlia Movimentando Sa\u00fade na Nova Era &#8211; Amor em movimento"},"content":{"rendered":"<h2>Sobre o evento:<\/h2>\n<p style=\"text-align: left;\">Voc\u00ea foi chamado para o mais sagrado dos prop\u00f3sitos: <strong>cuidar, tratar, regenerar e restabelecer a sa\u00fade do outro.<\/strong> No dia <strong>06 de Junho de 2026<\/strong>, o <strong>Instituto CEME<\/strong> convida voc\u00ea a viver a coer\u00eancia entre o <strong>SER<\/strong> e o <strong>FAZER<\/strong> &#8211; e a despertar o <strong>DOM<\/strong> que habita em voc\u00ea. Porque quando o profissional de sa\u00fade se cura, o mundo ao seu redor se transforma.<\/p>\n<p>&#8220;Cuidar \u00e9 um dom. Tratar \u00e9 uma arte. Regenerar \u00e9 uma miss\u00e3o. Quando o SER e o FAZER se alinham, o<br \/>\nprofissional de sa\u00fade se torna o pr\u00f3prio Amor em Movimento.&#8221; &#8211; Rodrigo e Luana M\u00eadri.<\/p>\n<p><strong>O M\u00e9todo CEME:<\/strong><\/p>\n<p data-renderer-start-pos=\"313\">Toda a curadoria do <strong>Amor em Movimento<\/strong> \u00e9 guiada pelo <strong>M\u00e9todo CEME<\/strong> &#8211; desenvolvido por Rodrigo e Luana M\u00eadri, tendo como base <strong>desenvolver o amor pr\u00f3prio do profissional de sa\u00fade<\/strong>, por meio do <strong>movimento do corpo, das emo\u00e7\u00f5es, da mente e do esp\u00edrito<\/strong> para construir <strong>presen\u00e7a, coer\u00eancia e pertencimento<\/strong> &#8211; \u00e2ncoras da clareza e sustenta\u00e7\u00e3o do <strong>SER<\/strong> e do <strong>FAZER<\/strong>. O evento n\u00e3o \u00e9 voltado para constru\u00e7\u00e3o de protocolos &#8211; \u00e9 uma <strong>imers\u00e3o de <\/strong><strong>integra\u00e7\u00e3o entre a consci\u00eancia da sa\u00fade na Nova Era e a pr\u00e1tica viva desse DOM.<\/strong><\/p>\n<p data-renderer-start-pos=\"313\">A ess\u00eancia do CEME est\u00e1 na <strong>coer\u00eancia entre<\/strong> o <strong>SER<\/strong> e o <strong>FAZER<\/strong>: n\u00e3o basta conhecer os princ\u00edpios &#8211; \u00e9 preciso viv\u00ea-los. Cada palestrante sustenta um pilar deste DOM, demonstrando que a verdadeira transforma\u00e7\u00e3o nasce quando o que ensinamos e o que praticamos s\u00e3o a mesma coisa.<\/p>\n<ul>\n<li data-renderer-start-pos=\"313\">Corpo<\/li>\n<li data-renderer-start-pos=\"313\">Emo\u00e7\u00e3o<\/li>\n<li data-renderer-start-pos=\"313\">Mente<\/li>\n<li data-renderer-start-pos=\"313\">Esp\u00edrito<\/li>\n<\/ul>\n<p>Cada painel, workshop e experi\u00eancia do evento foi desenhado para que voc\u00ea n\u00e3o apenas compreenda<br \/>\nintelectualmente os quatro pilares do seu DOM, mas os sinta em sua pr\u00f3pria experi\u00eancia &#8211; no corpo que descansa, na<br \/>\nemo\u00e7\u00e3o que se libera, na mente que se clareia e no esp\u00edrito que se expande.<\/p>\n<h3>Palestrantes:<\/h3>\n<ul>\n<li data-section-id=\"aidano\" data-start=\"0\" data-end=\"18\">\n<p data-renderer-start-pos=\"862\">\u00c9del Pontes: Palestrante e escritor renomado internacionalmente &#8211; Pilar Mente &#8211; &#8220;Profissional da Nova Era&#8221;.<\/p>\n<\/li>\n<li data-section-id=\"aidano\" data-start=\"0\" data-end=\"18\">\n<p data-renderer-start-pos=\"862\">Luana M\u00eadri: Palestrante e escritora internacional &#8211; Pilar Esp\u00edrito &#8211; &#8220;\u00c2ncoras para o Prop\u00f3sito e Miss\u00e3o&#8221;.<\/p>\n<\/li>\n<li data-section-id=\"aidano\" data-start=\"0\" data-end=\"18\">\n<p data-renderer-start-pos=\"862\">Rodrigo M\u00eadri: Palestrante e escritor internacional &#8211; Pilar Corpo &#8211; &#8220;Reescrevendo sua Biologia&#8221;.<\/p>\n<\/li>\n<li data-section-id=\"aidano\" data-start=\"0\" data-end=\"18\">\n<p data-renderer-start-pos=\"862\">Flavia Duarte: Palestrante e escritora internacional &#8211; Pilar Emo\u00e7\u00e3o &#8211; &#8220;MULHER Se Cuida&#8221;.<\/p>\n<\/li>\n<\/ul>\n<h4><strong>Experi\u00eancia Exclusiva:<\/strong><\/h4>\n<div role=\"tabpanel\" aria-labelledby=\"tab-title-description\">Apenas <strong>50 pessoas<\/strong> ter\u00e3o acesso a esta experi\u00eancia exclusiva sensorial e pr\u00e1tica &#8211; garantindo profundidade real, conex\u00e3o genu\u00edna e transforma\u00e7\u00e3o duradoura no exerc\u00edcio do seu DOM.<\/div>\n<div role=\"tabpanel\" aria-labelledby=\"tab-title-description\">As pr\u00e1ticas de<strong> harmoniza\u00e7\u00e3o r\u00edtmica e Terapia do Movimento CEME<\/strong> apresentadas no palco s\u00e3o ferramentas que tiram o sistema nervoso da paralisia e promovem a <strong>neuroplasticidade<\/strong> &#8211; devolvendo ao profissional a vitalidade necess\u00e1ria para cuidar, tratar, regenerar e restabelecer a sa\u00fade do outro.<\/div>\n<div role=\"tabpanel\" aria-labelledby=\"tab-title-description\"><\/div>\n<h4><strong>Programa\u00e7\u00e3o completa:<\/strong><\/h4>\n<div role=\"tabpanel\" aria-labelledby=\"tab-title-description\">A programa\u00e7\u00e3o foi constru\u00edda em dois grandes arcos: a manh\u00e3 dedicada \u00e0 base do <strong>DOM<\/strong> &#8211; Corpo e Emo\u00e7\u00e3o &#8211; e a tarde<br \/>\nconduzindo \u00e0 integra\u00e7\u00e3o profunda de Mente e Esp\u00edrito.<\/div>\n<div role=\"tabpanel\" aria-labelledby=\"tab-title-description\"><\/div>\n<div role=\"tabpanel\" aria-labelledby=\"tab-title-description\"><strong>09:00<\/strong> | Abertura<br \/>\nBoas-vindas e medita\u00e7\u00e3o de ancoragem.<br \/>\nCriando o campo coletivo para a jornada do<br \/>\n<strong>DOM<\/strong> &#8211; apresentando o <strong>Instituto CEME<\/strong> e o<br \/>\nportal <strong>Amor em Movimento.<\/strong><\/div>\n<div role=\"tabpanel\" aria-labelledby=\"tab-title-description\"><\/div>\n<div role=\"tabpanel\" aria-labelledby=\"tab-title-description\"><strong>09:30<\/strong> | Pilar Emo\u00e7\u00e3o &#8211; &#8220;MULHER Se Cuida&#8221;<br \/>\nFlavia Duarte, palestrante e escritora<br \/>\ninternacional: o <strong>DOM<\/strong> de cuidar come\u00e7a no<br \/>\nautocuidado. A preserva\u00e7\u00e3o da energia vital<br \/>\npara quem vive a miss\u00e3o de tratar e regenerar<br \/>\no outro.<\/div>\n<div role=\"tabpanel\" aria-labelledby=\"tab-title-description\"><\/div>\n<div role=\"tabpanel\" aria-labelledby=\"tab-title-description\"><strong>11:00<\/strong> | Pilar Corpo &#8211; &#8220;Reescrevendo sua Biologia&#8221;<br \/>\nRodrigo M\u00eadri, palestrante e escritor<br \/>\ninternacional: coer\u00eancia entre Pensamento,<br \/>\nSentimento, A\u00e7\u00f5es e Palavras como<br \/>\nfundamento da biologia saud\u00e1vel 4 o corpo<br \/>\ncomo templo do <strong>DOM<\/strong>.<\/div>\n<div role=\"tabpanel\" aria-labelledby=\"tab-title-description\"><\/div>\n<div role=\"tabpanel\" aria-labelledby=\"tab-title-description\"><strong>14:00<\/strong> | Pilar Mente &#8211; &#8220;Profissional da Nova Era&#8221;<br \/>\n\u00c9del Pontes, palestrante e escritor renomado<br \/>\ninternacionalmente: o novo paradigma do<br \/>\nprofissional que exerce seu <strong>DOM<\/strong> com<br \/>\nautoridade, prop\u00f3sito e consci\u00eancia integrada<br \/>\nna Nova Era da sa\u00fade.<\/div>\n<div role=\"tabpanel\" aria-labelledby=\"tab-title-description\"><\/div>\n<div role=\"tabpanel\" aria-labelledby=\"tab-title-description\"><strong>16:00<\/strong> | Pilar Esp\u00edrito &#8211; &#8220;\u00c2ncoras para a Miss\u00e3o&#8221;<br \/>\nLuana M\u00eadri, palestrante e escritora<br \/>\ninternacional: \u00e2ncoras para viv\u00eancia do <strong>DOM<\/strong> e<br \/>\ndo prop\u00f3sito de movimentar a energia do amor<br \/>\nna sa\u00fade &#8211; o Amor em Movimento em sua<br \/>\nplenitude.<\/div>\n<h3>Inscri\u00e7\u00e3o:<\/h3>\n<p>O que est\u00e1 inclu\u00eddo:<\/p>\n<ul>\n<li role=\"tabpanel\" aria-labelledby=\"tab-title-description\">Acesso completo ao dia de imers\u00e3o &#8211; <strong>06\/06\/2026<\/strong>, na Casa Azul, Vila Planalto, Bras\u00edlia\/DF<\/li>\n<li role=\"tabpanel\" aria-labelledby=\"tab-title-description\"><strong>4 palestras<\/strong> com autores e palestrantes internacionais (Rodrigo M\u00eadri, Luana M\u00eadri, Flavia Duarte e \u00c9del Pontes)<\/li>\n<li role=\"tabpanel\" aria-labelledby=\"tab-title-description\"><strong>Kit do participante<\/strong>: ecobag e Di\u00e1rio de autocuidado<\/li>\n<li role=\"tabpanel\" aria-labelledby=\"tab-title-description\">Acesso ao <strong>Lounge de Aut\u00f3grafos<\/strong> e conversa direta com os palestrantes<\/li>\n<li role=\"tabpanel\" aria-labelledby=\"tab-title-description\">Coffee break com <strong>nutri\u00e7\u00e3o integrativa<\/strong> e hidrata\u00e7\u00e3o funcional<\/li>\n<li role=\"tabpanel\" aria-labelledby=\"tab-title-description\"><strong>Momentos Frequenciais<\/strong>: aromaterapia e soundscape entre os pain\u00e9is<\/li>\n<li role=\"tabpanel\" aria-labelledby=\"tab-title-description\">Afirma\u00e7\u00e3o: <strong>&#8220;EU SOU AMOR EM MOVIMENTO&#8221;<\/strong><\/li>\n<\/ul>\n<p>&nbsp;<\/p>\n<h3>Valores:<\/h3>\n<p><strong>Acesso Antecipado<\/strong><br \/>\nR$ 490,00<br \/>\nou 12x de R$ 49,90*<br \/>\n<strong>V\u00e1lido at\u00e9 21\/04\/2026<\/strong><\/p>\n<p><strong>Acesso Intermedi\u00e1rio<\/strong><br \/>\nR$ 555,00<br \/>\nou 12x de R$ 55,00*<br \/>\n<strong>V\u00e1lido at\u00e9 10\/05\/2026<\/strong><\/p>\n<p><strong>Acesso at\u00e9 o Evento<\/strong><br \/>\nR$ 600,00<br \/>\nou 12x de R$ 60,00*<br \/>\n<strong>V\u00e1lido at\u00e9 o dia do evento<\/strong><\/p>\n<p>* Pagamento dispon\u00edvel no link abaixo.<\/p>\n<div id=\"descricao-widget\" class=\"elementor-element elementor-element-930556d elementor-widget elementor-widget-woocommerce-product-data-tabs\" data-id=\"930556d\" data-element_type=\"widget\" data-widget_type=\"woocommerce-product-data-tabs.default\">\n<div class=\"woocommerce-tabs wc-tabs-wrapper\">\n<div id=\"tab-description\" class=\"woocommerce-Tabs-panel woocommerce-Tabs-panel--description panel entry-content wc-tab\" role=\"tabpanel\" aria-labelledby=\"tab-title-description\">\n<p><strong>Vagas limitadas. Evento pago. Fa\u00e7a sua inscri\u00e7\u00e3o para garantir sua presen\u00e7a!<\/strong><\/p>\n<p><a href=\"https:\/\/docs.google.com\/forms\/d\/e\/1FAIpQLScoF2WEYsHyRdAkDNxDhIw0mFyDkqDsooJhwVKzDg6jlWaPng\/viewform\">https:\/\/docs.google.com\/forms\/d\/e\/1FAIpQLScoF2WEYsHyRdAkDNxDhIw0mFyDkqDsooJhwVKzDg6jlWaPng\/viewform<\/a><\/p>\n<p><strong>LOCAL: <\/strong><span style=\"font-size: 16px;\">Acamp Pacheco Fernandes Casa 04 &#8211; Vila Planalto, Bras\u00edlia &#8211; DF, 70803-210<\/span><\/p>\n<\/div>\n<\/div>\n<\/div>\n<p><iframe style=\"border: 0;\" src=\"https:\/\/www.google.com\/maps\/embed?pb=!1m18!1m12!1m3!1d3839.214159455822!2d-47.847214925763886!3d-15.79265772291057!2m3!1f0!2f0!3f0!3m2!1i1024!2i768!4f13.1!3m3!1m2!1s0x935a3ba2d3437b85%3A0x46ff237c7555207!2sCasa%20Azul%20-%20Ref%C3%BAgio%20Urbano%20Sustent%C3%A1vel!5e0!3m2!1spt-BR!2sbr!4v1776191933903!5m2!1spt-BR!2sbr\" width=\"600\" height=\"450\" allowfullscreen=\"allowfullscreen\"><\/iframe><\/p>\n","protected":false},"excerpt":{"rendered":"<p>Sobre o evento: Voc\u00ea foi chamado para o mais sagrado dos prop\u00f3sitos: cuidar, tratar, regenerar e restabelecer a sa\u00fade do&#8230;<\/p>\n","protected":false},"author":35,"featured_media":973,"template":"","meta":{"tpgb_global_settings":""},"product_brand":[],"product_cat":[153],"product_tag":[119,161,160,158,168,159,122],"class_list":{"0":"post-964","1":"product","2":"type-product","3":"status-publish","4":"has-post-thumbnail","6":"product_cat-eventos-no-brasil","7":"product_tag-editoraperensin","8":"product_tag-evento-brasilia","9":"product_tag-eventos-nacionais","10":"product_tag-eventos-perensin-junho","11":"product_tag-new-era","12":"product_tag-nova-era","13":"product_tag-rafaelaperensin","15":"first","16":"instock","17":"shipping-taxable","18":"product-type-simple"},"tpgb_featured_images":{"full":["https:\/\/editoraperensin.com.br\/eventos\/wp-content\/uploads\/2026\/04\/Lancamento-Negocios-e-Carreira-RJ-2.png",1200,800,false],"tp-image-grid":["https:\/\/editoraperensin.com.br\/eventos\/wp-content\/uploads\/2026\/04\/Lancamento-Negocios-e-Carreira-RJ-2-700x700.png",700,700,true],"thumbnail":["https:\/\/editoraperensin.com.br\/eventos\/wp-content\/uploads\/2026\/04\/Lancamento-Negocios-e-Carreira-RJ-2-150x150.png",150,150,true],"medium":["https:\/\/editoraperensin.com.br\/eventos\/wp-content\/uploads\/2026\/04\/Lancamento-Negocios-e-Carreira-RJ-2-300x200.png",300,200,true],"medium_large":["https:\/\/editoraperensin.com.br\/eventos\/wp-content\/uploads\/2026\/04\/Lancamento-Negocios-e-Carreira-RJ-2-768x512.png",768,512,true],"large":["https:\/\/editoraperensin.com.br\/eventos\/wp-content\/uploads\/2026\/04\/Lancamento-Negocios-e-Carreira-RJ-2-1024x683.png",1024,683,true],"default":"https:\/\/editoraperensin.com.br\/eventos\/wp-content\/plugins\/the-plus-addons-for-block-editor\/assets\/images\/tpgb-placeholder.jpg"},"tpgb_post_meta_info":{"get_date":"13\/04\/2026","get_modified_date":"24\/04\/2026","category_list":{"product_brand":false,"product_cat":[{"term_id":153,"name":"Eventos no Brasil","slug":"eventos-no-brasil","term_group":0,"term_taxonomy_id":153,"taxonomy":"product_cat","description":"","parent":18,"count":5,"filter":"raw"}],"product_tag":[{"term_id":119,"name":"editoraperensin","slug":"editoraperensin","term_group":0,"term_taxonomy_id":119,"taxonomy":"product_tag","description":"","parent":0,"count":14,"filter":"raw"},{"term_id":161,"name":"evento Bras\u00edlia","slug":"evento-brasilia","term_group":0,"term_taxonomy_id":161,"taxonomy":"product_tag","description":"","parent":0,"count":1,"filter":"raw"},{"term_id":160,"name":"eventos nacionais","slug":"eventos-nacionais","term_group":0,"term_taxonomy_id":160,"taxonomy":"product_tag","description":"","parent":0,"count":1,"filter":"raw"},{"term_id":158,"name":"eventos perensin junho","slug":"eventos-perensin-junho","term_group":0,"term_taxonomy_id":158,"taxonomy":"product_tag","description":"","parent":0,"count":2,"filter":"raw"},{"term_id":168,"name":"new era","slug":"new-era","term_group":0,"term_taxonomy_id":168,"taxonomy":"product_tag","description":"","parent":0,"count":1,"filter":"raw"},{"term_id":159,"name":"Nova Era","slug":"nova-era","term_group":0,"term_taxonomy_id":159,"taxonomy":"product_tag","description":"","parent":0,"count":1,"filter":"raw"},{"term_id":122,"name":"rafaelaperensin","slug":"rafaelaperensin","term_group":0,"term_taxonomy_id":122,"taxonomy":"product_tag","description":"","parent":0,"count":14,"filter":"raw"}]},"author_name":"Pettry Almeida","author_url":"https:\/\/editoraperensin.com.br\/eventos\/author\/pettry\/","author_email":"revisao.perensin@gmail.com","author_website":"","author_description":"","author_facebook":"","author_twitter":"","author_instagram":"","author_role":["administrator"],"author_firstname":"Pettry","author_lastname":"Almeida","user_login":"Pettry","comment_count":0,"post_likes":0,"post_views":0},"tpgb_post_category":{"product_cat":"<a href=\"https:\/\/editoraperensin.com.br\/eventos\/categoria-produto\/eventos\/eventos-no-brasil\/\" alt=\"Eventos no Brasil\" class=\"product_cat-eventos-no-brasil\">Eventos no Brasil<\/a> ","product_tag":"<a href=\"https:\/\/editoraperensin.com.br\/eventos\/produto-tag\/editoraperensin\/\" alt=\"editoraperensin\" class=\"product_tag-editoraperensin\">editoraperensin<\/a> <a href=\"https:\/\/editoraperensin.com.br\/eventos\/produto-tag\/evento-brasilia\/\" alt=\"evento Bras\u00edlia\" class=\"product_tag-evento-brasilia\">evento Bras\u00edlia<\/a> <a href=\"https:\/\/editoraperensin.com.br\/eventos\/produto-tag\/eventos-nacionais\/\" alt=\"eventos nacionais\" class=\"product_tag-eventos-nacionais\">eventos nacionais<\/a> <a href=\"https:\/\/editoraperensin.com.br\/eventos\/produto-tag\/eventos-perensin-junho\/\" alt=\"eventos perensin junho\" class=\"product_tag-eventos-perensin-junho\">eventos perensin junho<\/a> <a href=\"https:\/\/editoraperensin.com.br\/eventos\/produto-tag\/new-era\/\" alt=\"new era\" class=\"product_tag-new-era\">new era<\/a> <a href=\"https:\/\/editoraperensin.com.br\/eventos\/produto-tag\/nova-era\/\" alt=\"Nova Era\" class=\"product_tag-nova-era\">Nova Era<\/a> <a href=\"https:\/\/editoraperensin.com.br\/eventos\/produto-tag\/rafaelaperensin\/\" alt=\"rafaelaperensin\" class=\"product_tag-rafaelaperensin\">rafaelaperensin<\/a> "},"tpgb_product_data":{"price_html":"","type":"simple","gallery":false,"category":"Eventos no Brasil","procatslug":"eventos-no-brasil"},"_links":{"self":[{"href":"https:\/\/editoraperensin.com.br\/eventos\/wp-json\/wp\/v2\/product\/964","targetHints":{"allow":["GET"]}}],"collection":[{"href":"https:\/\/editoraperensin.com.br\/eventos\/wp-json\/wp\/v2\/product"}],"about":[{"href":"https:\/\/editoraperensin.com.br\/eventos\/wp-json\/wp\/v2\/types\/product"}],"author":[{"embeddable":true,"href":"https:\/\/editoraperensin.com.br\/eventos\/wp-json\/wp\/v2\/users\/35"}],"wp:featuredmedia":[{"embeddable":true,"href":"https:\/\/editoraperensin.com.br\/eventos\/wp-json\/wp\/v2\/media\/973"}],"wp:attachment":[{"href":"https:\/\/editoraperensin.com.br\/eventos\/wp-json\/wp\/v2\/media?parent=964"}],"wp:term":[{"taxonomy":"product_brand","embeddable":true,"href":"https:\/\/editoraperensin.com.br\/eventos\/wp-json\/wp\/v2\/product_brand?post=964"},{"taxonomy":"product_cat","embeddable":true,"href":"https:\/\/editoraperensin.com.br\/eventos\/wp-json\/wp\/v2\/product_cat?post=964"},{"taxonomy":"product_tag","embeddable":true,"href":"https:\/\/editoraperensin.com.br\/eventos\/wp-json\/wp\/v2\/product_tag?post=964"}],"curies":[{"name":"wp","href":"https:\/\/api.w.org\/{rel}","templated":true}]}}