{"id":987,"date":"2026-04-16T15:56:42","date_gmt":"2026-04-16T18:56:42","guid":{"rendered":"https:\/\/editoraperensin.com.br\/eventos\/?post_type=product&#038;p=987"},"modified":"2026-05-01T11:43:14","modified_gmt":"2026-05-01T14:43:14","slug":"lacamento-coruja-integrativa-sp","status":"publish","type":"product","link":"https:\/\/editoraperensin.com.br\/eventos\/produto\/lacamento-coruja-integrativa-sp\/","title":{"rendered":"SP Lan\u00e7amento CORUJA INTEGRATIVA &#8211; em parceria com USI"},"content":{"rendered":"<div class=\"elementor-element elementor-element-8219731 elementor-widget elementor-widget-woocommerce-product-title elementor-page-title elementor-widget-heading\" data-id=\"8219731\" data-element_type=\"widget\" data-widget_type=\"woocommerce-product-title.default\">\n<h1 class=\"product_title entry-title elementor-heading-title elementor-size-default\"><span style=\"font-size: 16px;\">Sobre o Evento:<\/span><\/h1>\n<\/div>\n<p data-renderer-start-pos=\"264\"><strong>USI<\/strong> (Universidade de sa\u00fade Integrativa) &amp; <strong>Editora Perensin<\/strong> se re\u00fanem para lan\u00e7ar seus autores e alunos na Livraria da Vila em S\u00e3o Paulo. Com livros de temas muito variados dentro da \u00e1rea da sa\u00fade f\u00edsica e mental, voc\u00ea ter\u00e1 a oportunidade de conversar com <strong>especialistas<\/strong> que tem uma mentalidade integrativa neste lan\u00e7amento <strong>gratuito<\/strong>.<\/p>\n<p data-renderer-start-pos=\"264\">Troque experi\u00eancias, receba seu aut\u00f3grafo, registre o momento atrav\u00e9s de fotos&#8230; neste movimento que integra sua sa\u00fade.<\/p>\n<p data-start=\"609\" data-end=\"630\" data-is-last-node=\"\" data-is-only-node=\"\"><strong>Conhe\u00e7a os livros e os autores que estar\u00e3o presentes no lan\u00e7amento:<\/strong><\/p>\n<p data-start=\"609\" data-end=\"630\" data-is-last-node=\"\" data-is-only-node=\"\"><strong>Autores da USI participantes:<\/strong><\/p>\n<ul>\n<li data-section-id=\"aidano\" data-start=\"0\" data-end=\"18\">\n<p data-renderer-start-pos=\"842\">Everson Diego aparecido da Silva<\/p>\n<\/li>\n<li data-section-id=\"aidano\" data-start=\"0\" data-end=\"18\">\n<p data-renderer-start-pos=\"915\">Bianca Grilo Stabellini<\/p>\n<\/li>\n<li data-section-id=\"aidano\" data-start=\"0\" data-end=\"18\">\n<p data-renderer-start-pos=\"940\">Larissa Jorge Moraes de Freitas<\/p>\n<\/li>\n<li data-section-id=\"aidano\" data-start=\"0\" data-end=\"18\">\n<p data-renderer-start-pos=\"973\">M\u00edrian Maur\u00edcia Mota de Oliveira<\/p>\n<\/li>\n<li data-section-id=\"aidano\" data-start=\"0\" data-end=\"18\">\n<p data-renderer-start-pos=\"1007\">Railde Bontadine<\/p>\n<\/li>\n<li data-section-id=\"aidano\" data-start=\"0\" data-end=\"18\">\n<p data-renderer-start-pos=\"1025\">T\u00e2nia Regina Cris\u00f3stenes<\/p>\n<\/li>\n<li data-section-id=\"aidano\" data-start=\"0\" data-end=\"18\">\n<p data-renderer-start-pos=\"1051\">Deise Gressens Brand\u00e3o<\/p>\n<\/li>\n<li data-section-id=\"aidano\" data-start=\"0\" data-end=\"18\">\n<p data-renderer-start-pos=\"1075\">Lorrayne Ara\u00fajo<\/p>\n<\/li>\n<li data-section-id=\"aidano\" data-start=\"0\" data-end=\"18\">Welane Arg\u00f4lo<\/li>\n<li data-section-id=\"aidano\" data-start=\"0\" data-end=\"18\">Maria Aparecida Vieira Silva<\/li>\n<\/ul>\n<p>&nbsp;<\/p>\n<p data-renderer-start-pos=\"1094\"><strong>Autores da editora participantes:<\/strong><\/p>\n<ul>\n<li data-renderer-start-pos=\"1280\">Fl\u00e1via de Arag\u00e3o Patz \u2013 <a href=\"https:\/\/editoraperensin.com.br\/produto\/100-protocolos-de-reflexologia-podal\/\"><strong>100 protocolos de reflexologia podal<\/strong><\/a><\/li>\n<li data-renderer-start-pos=\"1280\">Aurea \u2013\u00a0<strong>Terapias que curam<\/strong><\/li>\n<li data-renderer-start-pos=\"1280\">Andr\u00e9 Monteiro \u2013\u00a0<strong>N\u00e3o \u00e9 vitamina<\/strong><\/li>\n<li data-renderer-start-pos=\"1280\">Rita Andrey \u2013\u00a0<a href=\"https:\/\/editoraperensin.com.br\/produto\/no-olho-do-furacao\/\"><strong>No olho do furac\u00e3o<\/strong><\/a><\/li>\n<li data-renderer-start-pos=\"1280\">Sabrina Calais \u2013\u00a0<strong>Eu voltei para mim<\/strong><\/li>\n<li data-renderer-start-pos=\"1280\">Eneida Bonanza \u2013\u00a0<a href=\"https:\/\/editoraperensin.com.br\/produto\/anatomia-da-culpa\/\"><strong>Anatomia da culpa<\/strong><\/a><\/li>\n<li data-renderer-start-pos=\"1280\">Marcelo Bonanza &#8211; <a href=\"https:\/\/editoraperensin.com.br\/produto\/cicla-origem\/\"><strong>CICLA, a origem<\/strong><\/a><\/li>\n<li data-renderer-start-pos=\"1094\">Nulcelia Luzia Martins Pereira Almeida de Sousa \u2013\u00a0<a href=\"https:\/\/editoraperensin.com.br\/produto\/profissionais-da-nova-saude\/\"><strong>Profissionais da nova sa\u00fade I<\/strong><\/a><\/li>\n<li data-renderer-start-pos=\"1094\">Rosana de Paula Padoveze Camozzi \u2013\u00a0<a href=\"https:\/\/editoraperensin.com.br\/produto\/profissionais-da-nova-saude\/\"><strong>Profissionais da nova sa\u00fade I<\/strong><\/a><\/li>\n<li data-renderer-start-pos=\"1094\">Rafaela Perensin &#8211;<a href=\"https:\/\/editoraperensin.com.br\/produto\/uma-palavra-por-ano\/\"><strong> Uma palavra por ano<\/strong><\/a><\/li>\n<li data-renderer-start-pos=\"1094\">Ronei Gomes\u00a0 &#8211; Cortei o v\u00e9u<\/li>\n<li data-renderer-start-pos=\"1094\">Leandra Gomes &#8211; Reiniciamente<\/li>\n<\/ul>\n<p>&nbsp;<\/p>\n<p><strong>LOCAL:<\/strong> Livraria da Vila unidade Paulista &#8211; Av. Paulista, 1063 &#8211; Jardim Paulista, S\u00e3o Paulo &#8211; SP, 01311-200.<\/p>\n<div id=\"descricao-widget\" class=\"elementor-element elementor-element-930556d elementor-widget elementor-widget-woocommerce-product-data-tabs\" data-id=\"930556d\" data-element_type=\"widget\" data-widget_type=\"woocommerce-product-data-tabs.default\">\n<div class=\"woocommerce-tabs wc-tabs-wrapper\">\n<div id=\"tab-description\" class=\"woocommerce-Tabs-panel woocommerce-Tabs-panel--description panel entry-content wc-tab\" role=\"tabpanel\" aria-labelledby=\"tab-title-description\">\n<p><strong>Vagas limitadas. Evento gratuito. Fa\u00e7a sua inscri\u00e7\u00e3o para garantir sua presen\u00e7a.<\/strong><\/p>\n<\/div>\n<\/div>\n<\/div>\n<div id=\"descricao-widget\" class=\"elementor-element elementor-element-930556d elementor-widget elementor-widget-woocommerce-product-data-tabs\" data-id=\"930556d\" data-element_type=\"widget\" data-widget_type=\"woocommerce-product-data-tabs.default\">\n<div class=\"woocommerce-tabs wc-tabs-wrapper\">\n<div id=\"tab-description\" class=\"woocommerce-Tabs-panel woocommerce-Tabs-panel--description panel entry-content wc-tab\" role=\"tabpanel\" aria-labelledby=\"tab-title-description\">\n<p><iframe style=\"border: 0;\" src=\"https:\/\/www.google.com\/maps\/embed?pb=!1m18!1m12!1m3!1d7314.181308670161!2d-46.66190522229003!3d-23.565187399999978!2m3!1f0!2f0!3f0!3m2!1i1024!2i768!4f13.1!3m3!1m2!1s0x94ce590060f07ac9%3A0xff96d156b8fd6c0f!2sLivraria%20da%20Vila%20-%20Paulista!5e0!3m2!1spt-BR!2sbr!4v1776366700795!5m2!1spt-BR!2sbr\" width=\"600\" height=\"450\" allowfullscreen=\"allowfullscreen\"><\/iframe><\/p>\n<p>&nbsp;<\/p>\n<\/div>\n<\/div>\n<\/div>\n","protected":false},"excerpt":{"rendered":"<p>Sobre o Evento: USI (Universidade de sa\u00fade Integrativa) &amp; Editora Perensin se re\u00fanem para lan\u00e7ar seus autores e alunos na&#8230;<\/p>\n","protected":false},"author":35,"featured_media":1103,"template":"","meta":{"tpgb_global_settings":""},"product_brand":[],"product_cat":[153],"product_tag":[119,142,162,165,143,167,166,122],"class_list":{"0":"post-987","1":"product","2":"type-product","3":"status-publish","4":"has-post-thumbnail","6":"product_cat-eventos-no-brasil","7":"product_tag-editoraperensin","8":"product_tag-editoraperensine","9":"product_tag-espaco-paulista","10":"product_tag-evento-nacional","11":"product_tag-eventos-em-sp","12":"product_tag-lacamento","13":"product_tag-lancamento-sp","14":"product_tag-rafaelaperensin","16":"first","17":"instock","18":"virtual","19":"purchasable","20":"product-type-simple"},"tpgb_featured_images":{"full":["https:\/\/editoraperensin.com.br\/eventos\/wp-content\/uploads\/2026\/04\/Profissionais-da-nova-saude-11.png",1200,800,false],"tp-image-grid":["https:\/\/editoraperensin.com.br\/eventos\/wp-content\/uploads\/2026\/04\/Profissionais-da-nova-saude-11-700x700.png",700,700,true],"thumbnail":["https:\/\/editoraperensin.com.br\/eventos\/wp-content\/uploads\/2026\/04\/Profissionais-da-nova-saude-11-150x150.png",150,150,true],"medium":["https:\/\/editoraperensin.com.br\/eventos\/wp-content\/uploads\/2026\/04\/Profissionais-da-nova-saude-11-300x200.png",300,200,true],"medium_large":["https:\/\/editoraperensin.com.br\/eventos\/wp-content\/uploads\/2026\/04\/Profissionais-da-nova-saude-11-768x512.png",768,512,true],"large":["https:\/\/editoraperensin.com.br\/eventos\/wp-content\/uploads\/2026\/04\/Profissionais-da-nova-saude-11-1024x683.png",1024,683,true],"default":"https:\/\/editoraperensin.com.br\/eventos\/wp-content\/plugins\/the-plus-addons-for-block-editor\/assets\/images\/tpgb-placeholder.jpg"},"tpgb_post_meta_info":{"get_date":"16\/04\/2026","get_modified_date":"01\/05\/2026","category_list":{"product_brand":false,"product_cat":[{"term_id":153,"name":"Eventos no Brasil","slug":"eventos-no-brasil","term_group":0,"term_taxonomy_id":153,"taxonomy":"product_cat","description":"","parent":18,"count":5,"filter":"raw"}],"product_tag":[{"term_id":119,"name":"editoraperensin","slug":"editoraperensin","term_group":0,"term_taxonomy_id":119,"taxonomy":"product_tag","description":"","parent":0,"count":14,"filter":"raw"},{"term_id":142,"name":"editoraperensine","slug":"editoraperensine","term_group":0,"term_taxonomy_id":142,"taxonomy":"product_tag","description":"","parent":0,"count":6,"filter":"raw"},{"term_id":162,"name":"espa\u00e7o paulista","slug":"espaco-paulista","term_group":0,"term_taxonomy_id":162,"taxonomy":"product_tag","description":"","parent":0,"count":2,"filter":"raw"},{"term_id":165,"name":"evento nacional","slug":"evento-nacional","term_group":0,"term_taxonomy_id":165,"taxonomy":"product_tag","description":"","parent":0,"count":2,"filter":"raw"},{"term_id":143,"name":"eventos em sp","slug":"eventos-em-sp","term_group":0,"term_taxonomy_id":143,"taxonomy":"product_tag","description":"","parent":0,"count":3,"filter":"raw"},{"term_id":167,"name":"la\u00e7amento","slug":"lacamento","term_group":0,"term_taxonomy_id":167,"taxonomy":"product_tag","description":"","parent":0,"count":1,"filter":"raw"},{"term_id":166,"name":"lan\u00e7amento sp","slug":"lancamento-sp","term_group":0,"term_taxonomy_id":166,"taxonomy":"product_tag","description":"","parent":0,"count":1,"filter":"raw"},{"term_id":122,"name":"rafaelaperensin","slug":"rafaelaperensin","term_group":0,"term_taxonomy_id":122,"taxonomy":"product_tag","description":"","parent":0,"count":14,"filter":"raw"}]},"author_name":"Pettry Almeida","author_url":"https:\/\/editoraperensin.com.br\/eventos\/author\/pettry\/","author_email":"revisao.perensin@gmail.com","author_website":"","author_description":"","author_facebook":"","author_twitter":"","author_instagram":"","author_role":["administrator"],"author_firstname":"Pettry","author_lastname":"Almeida","user_login":"Pettry","comment_count":0,"post_likes":0,"post_views":0},"tpgb_post_category":{"product_cat":"<a href=\"https:\/\/editoraperensin.com.br\/eventos\/categoria-produto\/eventos\/eventos-no-brasil\/\" alt=\"Eventos no Brasil\" class=\"product_cat-eventos-no-brasil\">Eventos no Brasil<\/a> ","product_tag":"<a href=\"https:\/\/editoraperensin.com.br\/eventos\/produto-tag\/editoraperensin\/\" alt=\"editoraperensin\" class=\"product_tag-editoraperensin\">editoraperensin<\/a> <a href=\"https:\/\/editoraperensin.com.br\/eventos\/produto-tag\/editoraperensine\/\" alt=\"editoraperensine\" class=\"product_tag-editoraperensine\">editoraperensine<\/a> <a href=\"https:\/\/editoraperensin.com.br\/eventos\/produto-tag\/espaco-paulista\/\" alt=\"espa\u00e7o paulista\" class=\"product_tag-espaco-paulista\">espa\u00e7o paulista<\/a> <a href=\"https:\/\/editoraperensin.com.br\/eventos\/produto-tag\/evento-nacional\/\" alt=\"evento nacional\" class=\"product_tag-evento-nacional\">evento nacional<\/a> <a href=\"https:\/\/editoraperensin.com.br\/eventos\/produto-tag\/eventos-em-sp\/\" alt=\"eventos em sp\" class=\"product_tag-eventos-em-sp\">eventos em sp<\/a> <a href=\"https:\/\/editoraperensin.com.br\/eventos\/produto-tag\/lacamento\/\" alt=\"la\u00e7amento\" class=\"product_tag-lacamento\">la\u00e7amento<\/a> <a href=\"https:\/\/editoraperensin.com.br\/eventos\/produto-tag\/lancamento-sp\/\" alt=\"lan\u00e7amento sp\" class=\"product_tag-lancamento-sp\">lan\u00e7amento sp<\/a> <a href=\"https:\/\/editoraperensin.com.br\/eventos\/produto-tag\/rafaelaperensin\/\" alt=\"rafaelaperensin\" class=\"product_tag-rafaelaperensin\">rafaelaperensin<\/a> "},"tpgb_product_data":{"price_html":"Gr\u00e1tis","type":"simple","gallery":false,"category":"Eventos no Brasil","procatslug":"eventos-no-brasil"},"_links":{"self":[{"href":"https:\/\/editoraperensin.com.br\/eventos\/wp-json\/wp\/v2\/product\/987","targetHints":{"allow":["GET"]}}],"collection":[{"href":"https:\/\/editoraperensin.com.br\/eventos\/wp-json\/wp\/v2\/product"}],"about":[{"href":"https:\/\/editoraperensin.com.br\/eventos\/wp-json\/wp\/v2\/types\/product"}],"author":[{"embeddable":true,"href":"https:\/\/editoraperensin.com.br\/eventos\/wp-json\/wp\/v2\/users\/35"}],"wp:featuredmedia":[{"embeddable":true,"href":"https:\/\/editoraperensin.com.br\/eventos\/wp-json\/wp\/v2\/media\/1103"}],"wp:attachment":[{"href":"https:\/\/editoraperensin.com.br\/eventos\/wp-json\/wp\/v2\/media?parent=987"}],"wp:term":[{"taxonomy":"product_brand","embeddable":true,"href":"https:\/\/editoraperensin.com.br\/eventos\/wp-json\/wp\/v2\/product_brand?post=987"},{"taxonomy":"product_cat","embeddable":true,"href":"https:\/\/editoraperensin.com.br\/eventos\/wp-json\/wp\/v2\/product_cat?post=987"},{"taxonomy":"product_tag","embeddable":true,"href":"https:\/\/editoraperensin.com.br\/eventos\/wp-json\/wp\/v2\/product_tag?post=987"}],"curies":[{"name":"wp","href":"https:\/\/api.w.org\/{rel}","templated":true}]}}